{"id":1000,"date":"2022-05-03T14:45:43","date_gmt":"2022-05-03T17:45:43","guid":{"rendered":"https:\/\/www.ipasemar.pa.gov.br\/transparencia\/?page_id=1000"},"modified":"2026-04-24T17:15:56","modified_gmt":"2026-04-24T20:15:56","slug":"imoveis","status":"publish","type":"page","link":"https:\/\/www.ipasemar.pa.gov.br\/transparencia\/imoveis\/","title":{"rendered":"Rela\u00e7\u00e3o do Patrim\u00f4nio P\u00fablico (IM\u00d3VEIS)"},"content":{"rendered":"<div class=\"wpb-content-wrapper\"><div class=\"vc_row wpb_row vc_row-fluid\"><div class=\"wpb_column vc_column_container vc_col-sm-12\"><div class=\"vc_column-inner\"><div class=\"wpb_wrapper\">\n\t<div class=\"wpb_text_column wpb_content_element\" >\n\t\t<div class=\"wpb_wrapper\">\n\t\t\t<h4><strong><span style=\"color: #003366;\">Desde 2012 at\u00e9 hoje o Ipasemar n\u00e3o adquiriu nenhum im\u00f3vel, como consta nas declara\u00e7\u00f5es mensais abaixo anexadas.<\/span><\/strong><\/h4>\n<h4><span style=\"color: #003366;\">2026<\/span><\/h4>\n<ul>\n<li><span style=\"color: #003366;\">Janeiro (N\u00e3o houve aquisi\u00e7\u00e3o de patrim\u00f4nio)<\/span><\/li>\n<li><a href=\"http:\/\/www.ipasemar.pa.gov.br\/transparencia\/wp-content\/uploads\/sites\/2\/2026\/03\/imoveis.pdf\"><span style=\"color: #003366;\">Fevereiro (N\u00e3o houve aquisi\u00e7\u00e3o de patrim\u00f4nio)<\/span><\/a><\/li>\n<li><a href=\"https:\/\/drive.google.com\/file\/d\/10_PbFAGR59OsT75qNXBgsFU7aCE_xKSG\/view?usp=sharing\"><span style=\"color: #003366;\">Mar\u00e7o (N\u00e3o houve aquisi\u00e7\u00e3o de patrim\u00f4nio)<\/span><\/a><\/li>\n<\/ul>\n<h4><span style=\"color: #003366;\"><strong>2025<\/strong><\/span><\/h4>\n<ul>\n<li><span style=\"color: #003366;\"><a style=\"color: #003366;\" href=\"http:\/\/www.ipasemar.pa.gov.br\/transparencia\/wp-content\/uploads\/sites\/2\/2025\/02\/SEI_0371775_Declaracao.pdf\">Janeiro (N\u00e3o houve aquisi\u00e7\u00e3o de patrim\u00f4nio)<\/a><\/span><\/li>\n<li><span style=\"color: #003366;\"><a style=\"color: #003366;\" href=\"https:\/\/www.ipasemar.pa.gov.br\/wp-content\/uploads\/2025\/02\/imoveis.pdf\">Fevereiro (N\u00e3o houve aquisi\u00e7\u00e3o de patrim\u00f4nio)<\/a><\/span><\/li>\n<li><span style=\"color: #003366;\"><a style=\"color: #003366;\" href=\"https:\/\/www.ipasemar.pa.gov.br\/wp-content\/uploads\/2025\/04\/IMOVEIS-2.pdf\">Mar\u00e7o (N\u00e3o houve aquisi\u00e7\u00e3o de patrim\u00f4nio)<\/a><\/span><\/li>\n<li><span style=\"color: #003366;\"><a style=\"color: #003366;\" href=\"http:\/\/www.ipasemar.pa.gov.br\/transparencia\/wp-content\/uploads\/sites\/2\/2025\/05\/imoveis.pdf\">Abril (N\u00e3o houve aquisi\u00e7\u00e3o de patrim\u00f4nio)<\/a><\/span><\/li>\n<li><span style=\"color: #003366;\"><a style=\"color: #003366;\" href=\"http:\/\/www.ipasemar.pa.gov.br\/transparencia\/wp-content\/uploads\/sites\/2\/2025\/05\/SEI_0679006_Declaracao.pdf\">Maio (N\u00e3o houve aquisi\u00e7\u00e3o de patrim\u00f4nio)<\/a><\/span><\/li>\n<li><span style=\"color: #003366;\"><a style=\"color: #003366;\" href=\"http:\/\/www.ipasemar.pa.gov.br\/transparencia\/wp-content\/uploads\/sites\/2\/2025\/07\/SEI_0761293_Declaracao.pdf\">Junho (N\u00e3o houve aquisi\u00e7\u00e3o de patrim\u00f4nio)<\/a><\/span><\/li>\n<li><span style=\"color: #003366;\"><a style=\"color: #003366;\" href=\"http:\/\/www.ipasemar.pa.gov.br\/transparencia\/wp-content\/uploads\/sites\/2\/2025\/07\/SEI_0857548_Declaracao.pdf\">Julho (N\u00e3o houve aquisi\u00e7\u00e3o de patrim\u00f4nio)<\/a><\/span><\/li>\n<li><a href=\"http:\/\/www.ipasemar.pa.gov.br\/transparencia\/wp-content\/uploads\/sites\/2\/2025\/10\/SEI_0954732_Declaracao.pdf\"><span style=\"color: #003366;\">Agosto (N\u00e3o houve aquisi\u00e7\u00e3o de patrim\u00f4nio)<\/span><\/a><\/li>\n<li><a href=\"http:\/\/www.ipasemar.pa.gov.br\/transparencia\/wp-content\/uploads\/sites\/2\/2025\/10\/SEI_1074372_Declaracao.pdf\"><span style=\"color: #003366;\">Setembro (N\u00e3o houve aquisi\u00e7\u00e3o de patrim\u00f4nio)<\/span><\/a><\/li>\n<li><span style=\"color: #003366;\"><a style=\"color: #003366;\" href=\"http:\/\/www.ipasemar.pa.gov.br\/transparencia\/wp-content\/uploads\/sites\/2\/2025\/11\/SEI_1177775_Declaracao.pdf\">Outubro (N\u00e3o houve aquisi\u00e7\u00e3o de patrim\u00f4nio)<\/a><\/span><\/li>\n<li><a href=\"http:\/\/www.ipasemar.pa.gov.br\/transparencia\/wp-content\/uploads\/sites\/2\/2025\/12\/SEI_1306892_Declaracao.pdf\"><span style=\"color: #003366;\">Novembro (N\u00e3o houve aquisi\u00e7\u00e3o de patrim\u00f4nio)<\/span><\/a><\/li>\n<li><a href=\"http:\/\/www.ipasemar.pa.gov.br\/transparencia\/wp-content\/uploads\/sites\/2\/2026\/01\/imoveis.pdf\"><span style=\"color: #003366;\">Dezembro (N\u00e3o houve aquisi\u00e7\u00e3o de patrim\u00f4nio)<\/span><\/a><\/li>\n<\/ul>\n<h4><span style=\"color: #003366;\"><strong>2024<\/strong><\/span><\/h4>\n<ul>\n<li><a href=\"http:\/\/www.ipasemar.pa.gov.br\/transparencia\/wp-content\/uploads\/sites\/2\/2024\/02\/DECLARACAO-IMOVEIS4.pdf\"><span style=\"color: #003366;\">Janeiro (N\u00e3o houve aquisi\u00e7\u00e3o de Patrim\u00f4nio)<\/span><\/a><\/li>\n<li><span style=\"color: #003366;\"><a style=\"color: #003366;\" href=\"https:\/\/www.ipasemar.pa.gov.br\/wp-content\/uploads\/2024\/03\/D.-IMOVEIS.pdf\">Fevereiro (N\u00e3o houve aquisi\u00e7\u00e3o de Patrim\u00f4nio)<\/a><\/span><\/li>\n<li><a href=\"http:\/\/www.ipasemar.pa.gov.br\/transparencia\/wp-content\/uploads\/sites\/2\/2024\/04\/CCF_0003291.pdf\"><span style=\"color: #003366;\">Mar\u00e7o (N\u00e3o houve aquisi\u00e7\u00e3o de Patrim\u00f4nio)<\/span><\/a><\/li>\n<li><span style=\"color: #003366;\"><a style=\"color: #003366;\" href=\"http:\/\/www.ipasemar.pa.gov.br\/transparencia\/wp-content\/uploads\/sites\/2\/2024\/05\/IMOVEIS-3_compressed.pdf\">Abril (N\u00e3o houve aquisi\u00e7\u00e3o de Patrim\u00f4nio)<\/a><\/span><\/li>\n<li><a href=\"http:\/\/www.ipasemar.pa.gov.br\/transparencia\/wp-content\/uploads\/sites\/2\/2024\/06\/CCF_0003821.pdf\"><span style=\"color: #003366;\">Maio (N\u00e3o houve aquisi\u00e7\u00e3o de Patrim\u00f4nio)<\/span><\/a><\/li>\n<li><span style=\"color: #003366;\">Junho (N\u00e3o houve aquisi\u00e7\u00e3o de Patrim\u00f4nio)<\/span><\/li>\n<li><a href=\"http:\/\/www.ipasemar.pa.gov.br\/transparencia\/wp-content\/uploads\/sites\/2\/2024\/08\/imoveis.pdf\"><span style=\"color: #003366;\">Julho (N\u00e3o houve aquisi\u00e7\u00e3o de Patrim\u00f4nio)<\/span><\/a><\/li>\n<li><span style=\"color: #003366;\"><a style=\"color: #003366;\" href=\"http:\/\/www.ipasemar.pa.gov.br\/transparencia\/wp-content\/uploads\/sites\/2\/2024\/09\/CCF_000444.pdf\">Agosto (N\u00e3o houve aquisi\u00e7\u00e3o de Patrim\u00f4nio)<\/a><\/span><\/li>\n<li><span style=\"color: #003366;\"><a style=\"color: #003366;\" href=\"http:\/\/www.ipasemar.pa.gov.br\/transparencia\/wp-content\/uploads\/sites\/2\/2024\/10\/IMOVEIS1.pdf\">Setembro (N\u00e3o houve aquisi\u00e7\u00e3o de Patrim\u00f4nio)<\/a><\/span><\/li>\n<li><span style=\"color: #003366;\"><a style=\"color: #003366;\" href=\"http:\/\/www.ipasemar.pa.gov.br\/transparencia\/wp-content\/uploads\/sites\/2\/2024\/11\/IMOVEIS.pdf\">Outubro (N\u00e3o houve aquisi\u00e7\u00e3o de Patrim\u00f4nio)<\/a><\/span><\/li>\n<li><span style=\"color: #003366;\"><a style=\"color: #003366;\" href=\"http:\/\/www.ipasemar.pa.gov.br\/transparencia\/wp-content\/uploads\/sites\/2\/2024\/12\/imoveis.pdf\">Novembro (N\u00e3o houve aquisi\u00e7\u00e3o de Patrim\u00f4nio)<\/a><\/span><\/li>\n<li><span style=\"color: #003366;\"><a style=\"color: #003366;\" href=\"https:\/\/drive.google.com\/file\/d\/1K_k_EQEL2Xdelb1CNACykjmq67qXiUXa\/view?usp=sharing\">Dezembro (N\u00e3o houve aquisi\u00e7\u00e3o de Patrim\u00f4nio)<\/a><\/span><\/li>\n<\/ul>\n<h4><span style=\"color: #003366;\"><strong>2023<\/strong><\/span><\/h4>\n<ul>\n<li><span style=\"color: #003366;\"><strong>Consolidado 2023<\/strong><\/span> <strong><span style=\"color: #ff0000;\"><a style=\"color: #ff0000;\" href=\"https:\/\/drive.google.com\/file\/d\/1mNk2xZZEe2iygSDehO7-HsdWXlIPzxPk\/view?usp=sharing\">Pdf<\/a><\/span>\/<a href=\"https:\/\/docs.google.com\/spreadsheets\/d\/1Szg2CKO3YznzpEff83EWpmvMM2kBXone\/edit?usp=sharing&amp;ouid=110144379554056765233&amp;rtpof=true&amp;sd=true\"><span style=\"color: #008000;\">Excel<\/span><\/a><\/strong><\/li>\n<li><a href=\"https:\/\/www.ipasemar.pa.gov.br\/transparencia\/wp-content\/uploads\/sites\/2\/2023\/03\/DECLARACAO-IMOVEIS-2.pdf\"><span style=\"color: #003366;\">Janeiro (N\u00e3o houve aquisi\u00e7\u00e3o de Patrim\u00f4nio)<\/span><\/a><\/li>\n<li><a href=\"https:\/\/www.ipasemar.pa.gov.br\/transparencia\/wp-content\/uploads\/sites\/2\/2022\/05\/DECLARACAO-FEVEREIRO-imovel.pdf\">Fevereiro (N\u00e3o houve aquisi\u00e7\u00e3o de Patrim\u00f4nio)<\/a><\/li>\n<li><a href=\"https:\/\/www.ipasemar.pa.gov.br\/transparencia\/wp-content\/uploads\/sites\/2\/2023\/04\/bens-imoveis-03.pdf\"><span style=\"color: #003366;\">Mar\u00e7o (N\u00e3o houve aquisi\u00e7\u00e3o de Patrim\u00f4nio)<\/span><\/a><\/li>\n<li><span style=\"color: #003366;\"><a style=\"color: #003366;\" href=\"https:\/\/www.ipasemar.pa.gov.br\/transparencia\/wp-content\/uploads\/sites\/2\/2023\/05\/DECLARACAO-IMOVEIS2.pdf\">Abril (N\u00e3o houve aquisi\u00e7\u00e3o de Patrim\u00f4nio)<\/a><\/span><\/li>\n<li><span style=\"color: #003366;\"><a style=\"color: #003366;\" href=\"https:\/\/www.ipasemar.pa.gov.br\/transparencia\/wp-content\/uploads\/sites\/2\/2023\/06\/DECLARACAO-IMOVEL-MAIO.pdf\">Maio (N\u00e3o houve aquisi\u00e7\u00e3o de Patrim\u00f4nio)<\/a><\/span><\/li>\n<li><span style=\"color: #003366;\"><a style=\"color: #003366;\" href=\"https:\/\/www.ipasemar.pa.gov.br\/transparencia\/wp-content\/uploads\/sites\/2\/2023\/07\/DECLARACAO-IMOVEIS3.pdf\">Junho (N\u00e3o houve aquisi\u00e7\u00e3o de Patrim\u00f4nio)<\/a><\/span><\/li>\n<li><span style=\"color: #003366;\"><a style=\"color: #003366;\" href=\"https:\/\/www.ipasemar.pa.gov.br\/transparencia\/wp-content\/uploads\/sites\/2\/2023\/08\/DECLARACAO-IMOVEL001.pdf\">Julho (N\u00e3o houve aquisi\u00e7\u00e3o de Patrim\u00f4nio)<\/a><\/span><\/li>\n<li><span style=\"color: #003366;\"><a style=\"color: #003366;\" href=\"https:\/\/www.ipasemar.pa.gov.br\/transparencia\/wp-content\/uploads\/sites\/2\/2023\/09\/declaracao-imoveis-08.pdf\">Agosto (N\u00e3o houve aquisi\u00e7\u00e3o de Patrim\u00f4nio)<\/a><\/span><\/li>\n<li><span style=\"color: #003366;\"><a style=\"color: #003366;\" href=\"https:\/\/www.ipasemar.pa.gov.br\/transparencia\/wp-content\/uploads\/sites\/2\/2023\/10\/Declaracao-Imoveis-3.pdf\">Setembro (N\u00e3o houve aquisi\u00e7\u00e3o de Patrim\u00f4nio)<\/a><\/span><\/li>\n<li><span style=\"color: #003366;\"><a style=\"color: #003366;\" href=\"https:\/\/www.ipasemar.pa.gov.br\/transparencia\/wp-content\/uploads\/sites\/2\/2023\/11\/DECLARACAOES-IMOVEIS.pdf\">Outubro (N\u00e3o houve aquisi\u00e7\u00e3o de Patrim\u00f4nio)<\/a><\/span><\/li>\n<li><span style=\"color: #003366;\"><a style=\"color: #003366;\" href=\"https:\/\/www.ipasemar.pa.gov.br\/wp-content\/uploads\/2023\/12\/CCF_0001051.pdf\">Novembro (N\u00e3o houve aquisi\u00e7\u00e3o de Patrim\u00f4nio)<\/a><\/span><\/li>\n<li><span style=\"color: #003366;\"><a style=\"color: #003366;\" href=\"http:\/\/www.ipasemar.pa.gov.br\/transparencia\/wp-content\/uploads\/sites\/2\/2024\/01\/CCF_000770.pdf\">Dezembro (N\u00e3o houve aquisi\u00e7\u00e3o de Patrim\u00f4nio)<\/a><\/span><\/li>\n<\/ul>\n<h4><span style=\"color: #003366;\"><strong>2022<\/strong><\/span><\/h4>\n<ul>\n<li><span style=\"color: #003366;\"><strong>Consolidado 2022<\/strong> <strong><a style=\"color: #003366;\" href=\"https:\/\/drive.google.com\/file\/d\/1mNk2xZZEe2iygSDehO7-HsdWXlIPzxPk\/view?usp=sharing\">Pdf<\/a>\/<a style=\"color: #003366;\" href=\"https:\/\/docs.google.com\/spreadsheets\/d\/1Szg2CKO3YznzpEff83EWpmvMM2kBXone\/edit?usp=sharing&amp;ouid=110144379554056765233&amp;rtpof=true&amp;sd=true\">Excel<\/a><\/strong><\/span><\/li>\n<li><span style=\"color: #003366;\"><a style=\"color: #003366;\" href=\"https:\/\/www.ipasemar.pa.gov.br\/transparencia\/wp-content\/uploads\/sites\/2\/2023\/01\/DECLARACAO-IMOVEL.pdf\">Dezembro (N\u00e3o houve aquisi\u00e7\u00e3o de Patrim\u00f4nio)<\/a><\/span><\/li>\n<li><span style=\"color: #003366;\"><a style=\"color: #003366;\" href=\"https:\/\/www.ipasemar.pa.gov.br\/transparencia\/wp-content\/uploads\/sites\/2\/2022\/12\/DECLARACAO-IMOVEIS.pdf\">Novembro (N\u00e3o houve aquisi\u00e7\u00e3o de Patrim\u00f4nio)<\/a><\/span><\/li>\n<li><span style=\"color: #003366;\"><a style=\"color: #003366;\" href=\"https:\/\/www.ipasemar.pa.gov.br\/wp-content\/uploads\/2022\/11\/DECLARACAO-IMOVEIS2.pdf\">Outubro (N\u00e3o houve aquisi\u00e7\u00e3o de Patrim\u00f4nio)<\/a><\/span><\/li>\n<li><span style=\"color: #003366;\"><a style=\"color: #003366;\" href=\"https:\/\/www.ipasemar.pa.gov.br\/transparencia\/wp-content\/uploads\/sites\/2\/2022\/11\/IMOVEIS-2.pdf\">Setembro (N\u00e3o houve aquisi\u00e7\u00e3o de Patrim\u00f4nio)<\/a><\/span><\/li>\n<li><span style=\"color: #003366;\"><a style=\"color: #003366;\" href=\"https:\/\/www.ipasemar.pa.gov.br\/wp-content\/uploads\/2022\/09\/IMOVEIS.pdf\">Agosto (N\u00e3o houve aquisi\u00e7\u00e3o de Patrim\u00f4nio)<\/a><\/span><\/li>\n<li><span style=\"color: #003366;\"><a style=\"color: #003366;\" href=\"https:\/\/www.ipasemar.pa.gov.br\/wp-content\/uploads\/2022\/08\/DECLARACAO-IMOVEL-JULHO.pdf\">Julho (N\u00e3o houve aquisi\u00e7\u00e3o de Patrim\u00f4nio)<\/a><\/span><\/li>\n<li><span style=\"color: #003366;\"><a style=\"color: #003366;\" href=\"https:\/\/www.ipasemar.pa.gov.br\/transparencia\/wp-content\/uploads\/sites\/2\/2022\/07\/DECLARACAO-IMOVEIS1.pdf\">Junho (N\u00e3o houve aquisi\u00e7\u00e3o de Patrim\u00f4nio)<\/a><\/span><\/li>\n<li><span style=\"color: #003366;\"><a style=\"color: #003366;\" href=\"https:\/\/www.ipasemar.pa.gov.br\/wp-content\/uploads\/2022\/06\/DECLARACAO-IMOVEIS.pdf\">Maio (N\u00e3o houve aquisi\u00e7\u00e3o de Patrim\u00f4nio)<\/a><\/span><\/li>\n<li><span style=\"color: #003366;\"><a style=\"color: #003366;\" href=\"https:\/\/www.ipasemar.pa.gov.br\/wp-content\/uploads\/2022\/05\/DECLARACOES-BENS-IMOVEIS-ABRIL.pdf\">Abril (N\u00e3o houve aquisi\u00e7\u00e3o de Patrim\u00f4nio)<\/a><\/span><\/li>\n<li><span style=\"color: #003366;\"><a style=\"color: #003366;\" href=\"https:\/\/www.ipasemar.pa.gov.br\/transparencia\/wp-content\/uploads\/sites\/2\/2022\/05\/DECLARACOES-BENS-IMOVEIS-MARCO.pdf\">Mar\u00e7o (N\u00e3o houve aquisi\u00e7\u00e3o de Patrim\u00f4nio)<\/a><\/span><\/li>\n<li><span style=\"color: #003366;\"><a style=\"color: #003366;\" href=\"https:\/\/www.ipasemar.pa.gov.br\/transparencia\/wp-content\/uploads\/sites\/2\/2022\/05\/DECLARACAO-FEVEREIRO-imovel.pdf\">Fevereiro (N\u00e3o houve aquisi\u00e7\u00e3o de Patrim\u00f4nio)<\/a><\/span><\/li>\n<li><span style=\"color: #003366;\"><a style=\"color: #003366;\" href=\"https:\/\/www.ipasemar.pa.gov.br\/transparencia\/wp-content\/uploads\/sites\/2\/2022\/05\/DECLARACAO-JANEIRO-imovel.pdf\">Janeiro (N\u00e3o houve aquisi\u00e7\u00e3o de Patrim\u00f4nio)<\/a><\/span><\/li>\n<\/ul>\n<h4 style=\"text-align: left;\"><span style=\"color: #003366;\"><strong>2021<\/strong><\/span><\/h4>\n<ul>\n<li><span style=\"color: #003366;\"><strong>Consolidado 2021<\/strong> <strong><a style=\"color: #003366;\" href=\"https:\/\/drive.google.com\/file\/d\/1mNk2xZZEe2iygSDehO7-HsdWXlIPzxPk\/view?usp=sharing\">Pdf<\/a>\/<a style=\"color: #003366;\" href=\"https:\/\/docs.google.com\/spreadsheets\/d\/1Szg2CKO3YznzpEff83EWpmvMM2kBXone\/edit?usp=sharing&amp;ouid=110144379554056765233&amp;rtpof=true&amp;sd=true\">Excel<\/a><\/strong><\/span><\/li>\n<li><span style=\"color: #003366;\"><a style=\"color: #003366;\" href=\"https:\/\/www.ipasemar.pa.gov.br\/wp-content\/uploads\/2022\/05\/12.pdf\">Dezembro (N\u00e3o houve aquisi\u00e7\u00e3o de Patrim\u00f4nio)<\/a><\/span><\/li>\n<li><span style=\"color: #003366;\"><a style=\"color: #003366;\" href=\"https:\/\/www.ipasemar.pa.gov.br\/wp-content\/uploads\/2022\/05\/11.pdf\">Novembro (N\u00e3o houve aquisi\u00e7\u00e3o de Patrim\u00f4nio)<\/a><\/span><\/li>\n<li><span style=\"color: #003366;\"><a style=\"color: #003366;\" href=\"https:\/\/www.ipasemar.pa.gov.br\/wp-content\/uploads\/2022\/05\/10.pdf\">Outubro (N\u00e3o houve aquisi\u00e7\u00e3o de Patrim\u00f4nio)<\/a><\/span><\/li>\n<li><span style=\"color: #003366;\"><a style=\"color: #003366;\" href=\"https:\/\/www.ipasemar.pa.gov.br\/wp-content\/uploads\/2022\/05\/9.pdf\">Setembro (N\u00e3o houve aquisi\u00e7\u00e3o de Patrim\u00f4nio)<\/a><\/span><\/li>\n<li><span style=\"color: #003366;\"><a style=\"color: #003366;\" href=\"https:\/\/www.ipasemar.pa.gov.br\/wp-content\/uploads\/2022\/05\/8.pdf\">Agosto (N\u00e3o houve aquisi\u00e7\u00e3o de Patrim\u00f4nio)<\/a><\/span><\/li>\n<li><span style=\"color: #003366;\"><a style=\"color: #003366;\" href=\"https:\/\/www.ipasemar.pa.gov.br\/wp-content\/uploads\/2022\/05\/7.pdf\">Julho (N\u00e3o houve aquisi\u00e7\u00e3o de Patrim\u00f4nio)<\/a><\/span><\/li>\n<li><span style=\"color: #003366;\"><a style=\"color: #003366;\" href=\"https:\/\/www.ipasemar.pa.gov.br\/wp-content\/uploads\/2022\/05\/6.pdf\">Junho (N\u00e3o houve aquisi\u00e7\u00e3o de Patrim\u00f4nio)<\/a><\/span><\/li>\n<li><span style=\"color: #003366;\"><a style=\"color: #003366;\" href=\"https:\/\/www.ipasemar.pa.gov.br\/wp-content\/uploads\/2022\/05\/5.pdf\">Maio (N\u00e3o houve aquisi\u00e7\u00e3o de Patrim\u00f4nio)<\/a><\/span><\/li>\n<li><span style=\"color: #003366;\"><a style=\"color: #003366;\" href=\"https:\/\/www.ipasemar.pa.gov.br\/wp-content\/uploads\/2022\/05\/4.pdf\">Abril (N\u00e3o houve aquisi\u00e7\u00e3o de Patrim\u00f4nio)<\/a><\/span><\/li>\n<li><span style=\"color: #003366;\"><a style=\"color: #003366;\" href=\"https:\/\/www.ipasemar.pa.gov.br\/wp-content\/uploads\/2022\/05\/3.pdf\">Mar\u00e7o (N\u00e3o houve aquisi\u00e7\u00e3o de Patrim\u00f4nio)<\/a><\/span><\/li>\n<li><span style=\"color: #003366;\"><a style=\"color: #003366;\" href=\"https:\/\/www.ipasemar.pa.gov.br\/wp-content\/uploads\/2022\/05\/2.pdf\">Fevereiro (N\u00e3o houve aquisi\u00e7\u00e3o de Patrim\u00f4nio)<\/a><\/span><\/li>\n<li><span style=\"color: #003366;\"><a style=\"color: #003366;\" href=\"https:\/\/www.ipasemar.pa.gov.br\/wp-content\/uploads\/2022\/05\/01.pdf\">Janeiro (N\u00e3o houve aquisi\u00e7\u00e3o de Patrim\u00f4nio)<\/a><\/span><\/li>\n<\/ul>\n<h4><span style=\"color: #003366;\"><strong>Consolidados de 2012 \u00e0 2020 <a style=\"color: #003366;\" href=\"https:\/\/drive.google.com\/file\/d\/1mNk2xZZEe2iygSDehO7-HsdWXlIPzxPk\/view?usp=sharing\">Pdf <\/a>\/ <a style=\"color: #003366;\" href=\"https:\/\/docs.google.com\/spreadsheets\/d\/1Szg2CKO3YznzpEff83EWpmvMM2kBXone\/edit?usp=sharing&amp;ouid=110144379554056765233&amp;rtpof=true&amp;sd=true\">Excel<\/a><\/strong><\/span><\/h4>\n<h4><span style=\"color: #003366;\"><strong>Patrim\u00f4nio at\u00e9 31\/12\/2020 \u00a0<\/strong><strong><a style=\"color: #003366;\" href=\"https:\/\/drive.google.com\/file\/d\/1mNk2xZZEe2iygSDehO7-HsdWXlIPzxPk\/view?usp=sharing\">Pdf <\/a>\/ <a style=\"color: #003366;\" href=\"https:\/\/docs.google.com\/spreadsheets\/d\/1Szg2CKO3YznzpEff83EWpmvMM2kBXone\/edit?usp=sharing&amp;ouid=110144379554056765233&amp;rtpof=true&amp;sd=true\">Excel<\/a><\/strong><\/span><\/h4>\n<h4><span style=\"color: #003366;\"><a style=\"color: #003366;\" href=\"https:\/\/drive.google.com\/file\/d\/1P7cTHoasszIAh0AcguUoGatm7QdR8M2n\/view?usp=sharing\"><strong>Lei de Doa\u00e7\u00e3o do Im\u00f3vel (Acesse Aqui)<\/strong><\/a><\/span><\/h4>\n\n\t\t<\/div>\n\t<\/div>\n<\/div><\/div><\/div><\/div>\n<\/div>","protected":false},"excerpt":{"rendered":"Desde 2012 at\u00e9 hoje o Ipasemar n\u00e3o adquiriu nenhum im\u00f3vel, como consta nas declara\u00e7\u00f5es mensais abaixo anexadas. 2026 Janeiro (N\u00e3o houve aquisi\u00e7\u00e3o de patrim\u00f4nio) Fevereiro (N\u00e3o houve aquisi\u00e7\u00e3o de patrim\u00f4nio) Mar\u00e7o (N\u00e3o houve aquisi\u00e7\u00e3o de patrim\u00f4nio) 2025 Janeiro (N\u00e3o houve aquisi\u00e7\u00e3o de patrim\u00f4nio) Fevereiro (N\u00e3o houve aquisi\u00e7\u00e3o de patrim\u00f4nio) Mar\u00e7o (N\u00e3o houve aquisi\u00e7\u00e3o de patrim\u00f4nio) [...]","protected":false},"author":3,"featured_media":0,"parent":0,"menu_order":0,"comment_status":"closed","ping_status":"closed","template":"","meta":{"footnotes":""},"class_list":["post-1000","page","type-page","status-publish","hentry"],"_links":{"self":[{"href":"https:\/\/www.ipasemar.pa.gov.br\/transparencia\/wp-json\/wp\/v2\/pages\/1000","targetHints":{"allow":["GET"]}}],"collection":[{"href":"https:\/\/www.ipasemar.pa.gov.br\/transparencia\/wp-json\/wp\/v2\/pages"}],"about":[{"href":"https:\/\/www.ipasemar.pa.gov.br\/transparencia\/wp-json\/wp\/v2\/types\/page"}],"author":[{"embeddable":true,"href":"https:\/\/www.ipasemar.pa.gov.br\/transparencia\/wp-json\/wp\/v2\/users\/3"}],"replies":[{"embeddable":true,"href":"https:\/\/www.ipasemar.pa.gov.br\/transparencia\/wp-json\/wp\/v2\/comments?post=1000"}],"version-history":[{"count":77,"href":"https:\/\/www.ipasemar.pa.gov.br\/transparencia\/wp-json\/wp\/v2\/pages\/1000\/revisions"}],"predecessor-version":[{"id":4189,"href":"https:\/\/www.ipasemar.pa.gov.br\/transparencia\/wp-json\/wp\/v2\/pages\/1000\/revisions\/4189"}],"wp:attachment":[{"href":"https:\/\/www.ipasemar.pa.gov.br\/transparencia\/wp-json\/wp\/v2\/media?parent=1000"}],"curies":[{"name":"wp","href":"https:\/\/api.w.org\/{rel}","templated":true}]}}