{"id":547,"date":"2022-04-18T09:20:14","date_gmt":"2022-04-18T12:20:14","guid":{"rendered":"https:\/\/www.ipasemar.pa.gov.br\/transparencia\/?page_id=547"},"modified":"2026-04-28T08:48:29","modified_gmt":"2026-04-28T11:48:29","slug":"atos-de-nomeacao-2","status":"publish","type":"page","link":"https:\/\/www.ipasemar.pa.gov.br\/transparencia\/atos-de-nomeacao-2\/","title":{"rendered":"Atos de Nomea\u00e7\u00e3o\/Exonera\u00e7\u00e3o (Gestor, Diretoria e Membros do Comit\u00ea de Investimentos e Outros)"},"content":{"rendered":"<div class=\"wpb-content-wrapper\"><div class=\"vc_row wpb_row vc_row-fluid\"><div class=\"wpb_column vc_column_container vc_col-sm-12\"><div class=\"vc_column-inner\"><div class=\"wpb_wrapper\">\n\t<div class=\"wpb_text_column wpb_content_element\" >\n\t\t<div class=\"wpb_wrapper\">\n\t\t\t<h5><\/h5>\n<h5 style=\"padding-left: 40px;\"><span style=\"color: #003366;\">2026<\/span><\/h5>\n<p style=\"padding-left: 80px;\"><a href=\"http:\/\/www.ipasemar.pa.gov.br\/transparencia\/wp-content\/uploads\/sites\/2\/2026\/04\/PORTARIA-247-DE-2026-GP.pdf\"><span style=\"color: #003366;\">Portaria n\u00b0 247\/2026 &#8211; GP <em>(Nomear membros titulares e respectivos suplentes para forma\u00e7\u00e3o do Conselho de Administra\u00e7\u00e3o do IPASEMAR)<\/em><\/span><\/a><\/p>\n<p style=\"padding-left: 80px;\"><a href=\"http:\/\/www.ipasemar.pa.gov.br\/transparencia\/wp-content\/uploads\/sites\/2\/2026\/01\/Publicacao-Portaria-003.2026-CAI-1.pdf\"><span style=\"color: #003366;\">Portaria n\u00ba 003\/2026 \u2013 GP<\/span><\/a> (<span style=\"color: #003366;\"><em>A necessidade de nomear os membros titulares e \u00a0respectivos suplentes para forma\u00e7\u00e3o do Conselho de Administra\u00e7\u00e3o do Instituto <\/em><em>de Previd\u00eancia Social dos Servidores P\u00fablicos do Munic\u00edpio de Marab\u00e1 \u2013 IPASEMAR.)<\/em><\/span><\/p>\n<h5 style=\"padding-left: 40px;\"><span style=\"color: #003366;\">2025<\/span><\/h5>\n<h6 style=\"padding-left: 80px;\"><a href=\"http:\/\/www.ipasemar.pa.gov.br\/transparencia\/wp-content\/uploads\/sites\/2\/2025\/09\/pdf24_merged86.pdf\"><span style=\"color: #003366;\">Portaria n\u00ba 122\/2025 \u2013 IPASEMAR<\/span><\/a>\u00a0<span style=\"color: #003366;\"><em> (<span class=\"fontstyle0\">Nomear os membros que ir\u00e3o compor o Comit\u00ea de Investimento do Instituto de Previd\u00eancia Social dos Servidores P\u00fablicos do munic\u00edpio de Marab\u00e1 \u2013 IPASEMAR)<\/span><\/em><\/span><\/h6>\n<h6 style=\"padding-left: 80px;\"><a href=\"http:\/\/www.ipasemar.pa.gov.br\/transparencia\/wp-content\/uploads\/sites\/2\/2025\/09\/publicacao-conselho-fiscal-2025.pdf\"><span style=\"color: #003366;\">Portaria n\u00ba 4684\/2025 \u2013 GP<\/span><\/a> (<span style=\"color: #003366;\"><em>Nomea\u00e7\u00e3o dos servidores para desempenharem a fun\u00e7\u00e3o de Membros Titulares e Suplentes do Conselho Fiscal do IPASEMAR.)<\/em><\/span><\/h6>\n<h6 style=\"padding-left: 80px;\"><span style=\"color: #003366;\"><a style=\"color: #003366;\" href=\"http:\/\/www.ipasemar.pa.gov.br\/transparencia\/wp-content\/uploads\/sites\/2\/2025\/08\/PORTARIA-NATHALIA.pdf\">Portaria n\u00ba 110\/2025 <\/a>(<\/span><a href=\"http:\/\/www.ipasemar.pa.gov.br\/transparencia\/wp-content\/uploads\/sites\/2\/2025\/08\/PORTARIA-NATHALIA.pdf\"><em><span style=\"color: #003366;\">Nomea\u00e7\u00e3o da Coordenadora de Gest\u00e3o de Pessoas do IPASEMAR.)<\/span><\/em><\/a><\/h6>\n<h6 style=\"padding-left: 80px;\"><span style=\"color: #003366;\"><a style=\"color: #003366;\" href=\"http:\/\/www.ipasemar.pa.gov.br\/transparencia\/wp-content\/uploads\/sites\/2\/2025\/08\/PORTARIA-SILVANIA-2.pdf\">Portaria n\u00ba 099\/2025<\/a>\u00a0<\/span><a href=\"http:\/\/www.ipasemar.pa.gov.br\/transparencia\/wp-content\/uploads\/sites\/2\/2025\/08\/PORTARIA-SILVANIA-2.pdf\"><em><span style=\"color: #003366;\">(Nomea\u00e7\u00e3o do Chefe de gabinete do IPASEMAR.)<\/span><\/em><\/a><\/h6>\n<h6 style=\"padding-left: 80px;\"><span style=\"color: #003366;\"><a style=\"color: #003366;\" href=\"http:\/\/www.ipasemar.pa.gov.br\/transparencia\/wp-content\/uploads\/sites\/2\/2025\/06\/nomeacao-coordenador-de-compensacao-previdenciaria.pdf\">Portaria n\u00ba 072\/2025<strong> (<\/strong><\/a><\/span><a href=\"http:\/\/www.ipasemar.pa.gov.br\/transparencia\/wp-content\/uploads\/sites\/2\/2025\/06\/nomeacao-coordenador-de-compensacao-previdenciaria.pdf\"><em><span style=\"color: #003366;\">Nomea\u00e7\u00e3o do Coordenador de Compensa\u00e7\u00e3o Previdenci\u00e1ria.)<\/span><\/em><\/a><\/h6>\n<h6 style=\"padding-left: 80px;\"><span style=\"color: #003366;\"><a style=\"color: #003366;\" href=\"http:\/\/www.ipasemar.pa.gov.br\/transparencia\/wp-content\/uploads\/sites\/2\/2025\/06\/nomeacao-coordenador-de-tecnologia-da-informacao.pdf\">Portaria n\u00ba 071\/2025<\/a> (<\/span><a href=\"http:\/\/www.ipasemar.pa.gov.br\/transparencia\/wp-content\/uploads\/sites\/2\/2025\/06\/nomeacao-coordenador-de-tecnologia-da-informacao.pdf\"><em><span style=\"color: #003366;\">Nomea\u00e7\u00e3o do Coordenador De Tecnologia de Informa\u00e7\u00e3o.)<\/span><\/em><\/a><\/h6>\n<p style=\"padding-left: 80px;\"><span style=\"color: #003366;\"><a style=\"color: #003366;\" href=\"http:\/\/www.ipasemar.pa.gov.br\/transparencia\/wp-content\/uploads\/sites\/2\/2025\/06\/nomeacao-diretora-administrativa.pdf\">Portaria n\u00ba 070\/2025 <strong>&#8211;<\/strong> IPASEMAR<\/a><\/span><span style=\"color: #003366;\"><a style=\"color: #003366;\" href=\"http:\/\/www.ipasemar.pa.gov.br\/transparencia\/wp-content\/uploads\/sites\/2\/2025\/06\/nomeacao-diretora-administrativa.pdf\"><em><strong>(<\/strong>Nomear a Diretora Administrativa)<\/em><\/a><\/span><\/p>\n<h6 style=\"padding-left: 80px;\"><span style=\"color: #003366;\"><a style=\"color: #003366;\" href=\"http:\/\/www.ipasemar.pa.gov.br\/transparencia\/wp-content\/uploads\/sites\/2\/2025\/06\/exoneracao-chefe-de-gabinete.pdf\">Portaria n\u00ba 069\/2025 &#8211; <\/a><\/span><a href=\"http:\/\/www.ipasemar.pa.gov.br\/transparencia\/wp-content\/uploads\/sites\/2\/2025\/06\/exoneracao-chefe-de-gabinete.pdf\"><em><span style=\"color: #003366;\">(Exonera\u00e7\u00e3o da Chefe de Gabinete do IPASEMAR.)<\/span><\/em><\/a><\/h6>\n<p style=\"padding-left: 80px;\"><span style=\"color: #003366;\"><a style=\"color: #003366;\" href=\"http:\/\/www.ipasemar.pa.gov.br\/transparencia\/wp-content\/uploads\/sites\/2\/2025\/01\/PORTARIA-45-2025-NILVANA.pdf\">Portaria n\u00ba 045\/2025 &#8211; GP<strong> (<\/strong><\/a><\/span><span style=\"color: #003366;\"><a style=\"color: #003366;\" href=\"http:\/\/www.ipasemar.pa.gov.br\/transparencia\/wp-content\/uploads\/sites\/2\/2025\/01\/PORTARIA-45-2025-NILVANA.pdf\">Nomear a Sra. Nilvana Monteiro Sampaio Ximenes para exercer a fun\u00e7\u00e3o de DIRETOR PRESIDENTE do IPASEMAR)<\/a><\/span><\/p>\n<p style=\"padding-left: 80px;\"><span style=\"color: #003366;\"><a style=\"color: #003366;\" href=\"http:\/\/www.ipasemar.pa.gov.br\/transparencia\/wp-content\/uploads\/sites\/2\/2025\/01\/PORTARIA-44-2025-NILVANA.pdf\">Portaria n\u00ba 044\/2025 &#8211; GP<strong> (<\/strong><\/a><\/span><a href=\"http:\/\/www.ipasemar.pa.gov.br\/transparencia\/wp-content\/uploads\/sites\/2\/2025\/01\/PORTARIA-44-2025-NILVANA.pdf\"><span style=\"color: #003366;\">Nomear a Diretora Presidente para o exerc\u00edcio de fun\u00e7\u00e3o de Gestora de Recursos Previdenci\u00e1rios do IPASEMAR.)<\/span><\/a><\/p>\n<p style=\"padding-left: 80px;\"><a href=\"http:\/\/www.ipasemar.pa.gov.br\/transparencia\/wp-content\/uploads\/sites\/2\/2025\/09\/publicacao-conselho-fiscal-2025.pdf\"><span style=\"color: #003366;\">Portaria n\u00ba 4684\/2025 &#8211; GP<\/span> <span style=\"color: #003366;\">(Nomea\u00e7\u00e3o dos servidores para desempenharem a fun\u00e7\u00e3o de Membros Titulares e Suplentes do Conselho Fiscal do IPASEMAR<\/span><\/a><\/p>\n<p style=\"padding-left: 80px;\"><a href=\"https:\/\/drive.google.com\/file\/d\/1HO4PtzDTUvzavg8JDNzjcXeH5iJmSd-L\/view?usp=sharing\"><span style=\"color: #003366;\">Portaria n\u00ba 006\/2025 (Exonerar, a pedido, a servidora Sra. Marl\u00facia Saraiva Vasconcelos)<\/span><\/a><\/p>\n<h5 style=\"padding-left: 40px;\"><span style=\"color: #003366;\">2024<\/span><\/h5>\n<p style=\"padding-left: 80px;\"><a href=\"http:\/\/www.ipasemar.pa.gov.br\/transparencia\/wp-content\/uploads\/sites\/2\/2025\/02\/Portaria-n.o-2405-2024-GP-NOMEACAO-CONSELHO-DE-ADMINISTRACAO-compactado.pdf\"><span style=\"color: #003366;\">Portaria n\u00ba 2405\/2024 &#8211; GP (Nomear os membros titulares e suplentes do conselho de administra\u00e7\u00e3o)<\/span><\/a><\/p>\n<h6 style=\"padding-left: 80px;\"><span style=\"color: #003366;\"><a style=\"color: #003366;\" href=\"http:\/\/www.ipasemar.pa.gov.br\/transparencia\/wp-content\/uploads\/sites\/2\/2024\/09\/Samara-Cardoso-Sa_Portaria-105_20-09-20241-compactado.pdf\">Portaria n\u00ba 106\/2024<\/a> (<em><a style=\"color: #003366;\" href=\"http:\/\/www.ipasemar.pa.gov.br\/transparencia\/wp-content\/uploads\/sites\/2\/2024\/09\/Samara-Cardoso-Sa_Portaria-105_20-09-20241-compactado.pdf\">Nomea\u00e7\u00e3o da Assessora Jur\u00eddica)<\/a><\/em><\/span><\/h6>\n<h5 style=\"padding-left: 40px;\"><span style=\"color: #003366;\"><a style=\"color: #003366;\" href=\"https:\/\/drive.google.com\/file\/d\/1fplGhO1qd9lPNtNG0NX596qV9e8okbwX\/view\">2023<\/a><\/span><\/h5>\n<p style=\"padding-left: 80px;\"><a href=\"http:\/\/www.ipasemar.pa.gov.br\/transparencia\/wp-content\/uploads\/sites\/2\/2024\/04\/portaria-192-2023-de-nomeacao-do-comite.pdf\"><span style=\"color: #003366;\">Portaria n\u00ba 192\/2023 (Nomea\u00e7\u00e3o de Membro Titular e Membro Suplente do Comit\u00ea de Investimentos<\/span><\/a><\/p>\n<h6 style=\"padding-left: 80px;\"><span style=\"color: #003366;\"><a style=\"color: #003366;\" href=\"https:\/\/www.ipasemar.pa.gov.br\/wp-content\/uploads\/2023\/12\/portaria-191-2023-de-exoneracao-do-comite.pdf\">Portaria n\u00ba 191\/2023<\/a>\u00a0 <strong>(<\/strong><\/span><a href=\"https:\/\/www.ipasemar.pa.gov.br\/wp-content\/uploads\/2023\/12\/portaria-191-2023-de-exoneracao-do-comite.pdf\"><em><span style=\"color: #003366;\">Exonera\u00e7\u00e3o de membro do Comit\u00ea de Investimentos.)<\/span><\/em><\/a><\/h6>\n<p style=\"padding-left: 80px;\"><span style=\"color: #003366;\"><a style=\"color: #003366;\" href=\"https:\/\/drive.google.com\/file\/d\/1fplGhO1qd9lPNtNG0NX596qV9e8okbwX\/view\"><strong>Portaria n\u00ba 1689\/2023<\/strong> (Nomea\u00e7\u00e3o dos Membros Titulares e Suplentes Conselho Fiscal 2023\/2025)<\/a><\/span><\/p>\n<h5 style=\"padding-left: 40px;\"><span style=\"color: #003366;\">2022<\/span><\/h5>\n<h6 style=\"padding-left: 80px;\"><span style=\"color: #003366;\"><a style=\"color: #003366;\" href=\"https:\/\/drive.google.com\/file\/d\/1ijpUIPoCiYWSlW5iz-WwHlJ3YPe6y36J\/view?usp=sharing\">Portaria n\u00ba 1.493\/2022 &#8211; GP, de 30 de Maio de 2022<\/a><strong><a style=\"color: #003366;\" href=\"https:\/\/drive.google.com\/file\/d\/1ijpUIPoCiYWSlW5iz-WwHlJ3YPe6y36J\/view?usp=sharing\"> (<\/a><\/strong><em>Nomea\u00e7\u00e3o de servidores para desempenhar a fun\u00e7\u00e3o de membros titulares e suplentes no Conselho de Administra\u00e7\u00e3o do Ipasemar)<\/em><\/span><\/h6>\n<p style=\"padding-left: 80px;\"><span style=\"color: #003366;\"><a style=\"color: #003366;\" href=\"https:\/\/www.ipasemar.pa.gov.br\/transparencia\/wp-content\/uploads\/sites\/2\/2022\/06\/portaria-gestora-de-recursos-2022_20220609.pdf\"><strong>Portaria 0529\/2022<\/strong> &#8211; GP, 17 de Fevereiro de 2022 (Nomear a diretora presidente para o exerc\u00edcio da fun\u00e7\u00e3o de gestora de recursos previdenci\u00e1rios do IPASEMAR)<\/a><\/span><\/p>\n<h5 style=\"padding-left: 40px;\"><span style=\"color: #003366;\">Anteriores<\/span><\/h5>\n<ul>\n<li style=\"list-style-type: none;\">\n<ul>\n<li style=\"list-style-type: none;\">\n<ul>\n<li><span style=\"color: #003366;\"><a style=\"color: #003366;\" href=\"https:\/\/drive.google.com\/file\/d\/13sZmQ1XVMHfLEkDuZGUE545D6izC56RN\/view?usp=sharing\">Portaria dos Diretores e Membros dos Conselhos de Administra\u00e7\u00e3o e Fiscal<\/a><\/span><\/li>\n<li><span style=\"color: #003366;\"><a style=\"color: #003366;\" href=\"https:\/\/www.ipasemar.pa.gov.br\/transparencia\/wp-content\/uploads\/sites\/2\/2022\/06\/PORTARIA-003-2021-NOMEACAO-DO-COMITE-DE-INVESTIMENTO.pdf\">Portaria de nomea\u00e7\u00e3o dos Membros do Comit\u00ea de Investimentos<\/a><\/span><\/li>\n<li><span style=\"color: #003366;\"><a style=\"color: #003366;\" href=\"https:\/\/drive.google.com\/file\/d\/15yUIXP3Wny9ucsipCxG9rxnOTitaC3kQ\/view?usp=sharing\">Portaria do Coordenador de Tesouraria<\/a><\/span><\/li>\n<li><span style=\"color: #003366;\"><a style=\"color: #003366;\" href=\"https:\/\/drive.google.com\/file\/d\/1R3y7P6Qy4Gl0kMysaM6nr1gZN-NScdqp\/view?usp=sharing\">Portaria de Coordenadora de Concess\u00e3o de Benef\u00edcios<\/a><\/span><\/li>\n<li><span style=\"color: #003366;\"><a style=\"color: #003366;\" href=\"https:\/\/drive.google.com\/file\/d\/13VYGYUa8DZ_W1pQrqVuGqHrWxdSFT81f\/view?usp=sharing\">Portaria de Coordenadora de Assistente Social<\/a><\/span><\/li>\n<li><a href=\"http:\/\/www.ipasemar.pa.gov.br\/transparencia\/wp-content\/uploads\/sites\/2\/2025\/04\/portaria-chefe-de-gabinete.pdf\"><span style=\"color: #003366;\">Portaria de Chefe de Gabinete<\/span><\/a><\/li>\n<li><span style=\"color: #333399;\"><a style=\"color: #333399;\" href=\"https:\/\/drive.google.com\/file\/d\/1MVgTvpAvFIysW1JaxkvgZbEFe2vqqeu6\/view?usp=sharing\"><span style=\"color: #003366;\">Portaria da Coordenadora de Materiais e Patrim\u00f4nio<\/span><\/a><\/span><\/li>\n<\/ul>\n<\/li>\n<\/ul>\n<\/li>\n<\/ul>\n\n\t\t<\/div>\n\t<\/div>\n<\/div><\/div><\/div><\/div>\n<\/div>","protected":false},"excerpt":{"rendered":"2026 Portaria n\u00b0 247\/2026 - GP (Nomear membros titulares e respectivos suplentes para forma\u00e7\u00e3o do Conselho de Administra\u00e7\u00e3o do IPASEMAR) Portaria n\u00ba 003\/2026 \u2013 GP (A necessidade de nomear os membros titulares e \u00a0respectivos suplentes para forma\u00e7\u00e3o do Conselho de Administra\u00e7\u00e3o do Instituto de Previd\u00eancia Social dos Servidores P\u00fablicos do Munic\u00edpio de Marab\u00e1 \u2013 IPASEMAR.) [...]","protected":false},"author":3,"featured_media":0,"parent":0,"menu_order":0,"comment_status":"closed","ping_status":"closed","template":"","meta":{"footnotes":""},"class_list":["post-547","page","type-page","status-publish","hentry"],"_links":{"self":[{"href":"https:\/\/www.ipasemar.pa.gov.br\/transparencia\/wp-json\/wp\/v2\/pages\/547","targetHints":{"allow":["GET"]}}],"collection":[{"href":"https:\/\/www.ipasemar.pa.gov.br\/transparencia\/wp-json\/wp\/v2\/pages"}],"about":[{"href":"https:\/\/www.ipasemar.pa.gov.br\/transparencia\/wp-json\/wp\/v2\/types\/page"}],"author":[{"embeddable":true,"href":"https:\/\/www.ipasemar.pa.gov.br\/transparencia\/wp-json\/wp\/v2\/users\/3"}],"replies":[{"embeddable":true,"href":"https:\/\/www.ipasemar.pa.gov.br\/transparencia\/wp-json\/wp\/v2\/comments?post=547"}],"version-history":[{"count":57,"href":"https:\/\/www.ipasemar.pa.gov.br\/transparencia\/wp-json\/wp\/v2\/pages\/547\/revisions"}],"predecessor-version":[{"id":4201,"href":"https:\/\/www.ipasemar.pa.gov.br\/transparencia\/wp-json\/wp\/v2\/pages\/547\/revisions\/4201"}],"wp:attachment":[{"href":"https:\/\/www.ipasemar.pa.gov.br\/transparencia\/wp-json\/wp\/v2\/media?parent=547"}],"curies":[{"name":"wp","href":"https:\/\/api.w.org\/{rel}","templated":true}]}}