{"id":719,"date":"2022-04-19T16:46:12","date_gmt":"2022-04-19T19:46:12","guid":{"rendered":"https:\/\/www.ipasemar.pa.gov.br\/transparencia\/?page_id=719"},"modified":"2026-01-15T11:20:17","modified_gmt":"2026-01-15T14:20:17","slug":"decretos-do-rpps","status":"publish","type":"page","link":"https:\/\/www.ipasemar.pa.gov.br\/transparencia\/decretos-do-rpps\/","title":{"rendered":"Decretos Municipais"},"content":{"rendered":"<h4><strong><span style=\"color: #003366;\">2026<\/span><\/strong><\/h4>\n<p style=\"padding-left: 40px;\"><a href=\"https:\/\/drive.google.com\/file\/d\/17JCP_sCt4Fw2h1oqEcN8O8f4cqMhwDGE\/view?usp=sharing\"><em><span class=\"fontstyle0\" style=\"color: #003366;\"><strong> DECRETO N\u00ba 559, DE 23 DE DEZEMBRO DE 2025<\/strong> <\/span><\/em><\/a><\/p>\n<p style=\"padding-left: 40px;\"><em><span class=\"fontstyle0\" style=\"color: #003366;\"> Considerando os feriados municipais elencados na Lei Municipal n\u00ba 2.376, de 01 de fevereiro de 1983; e Considerando a necessidade de organizar e disciplinar o funcionamento dos \u00f3rg\u00e3os e entidades integrantes da Administra\u00e7\u00e3o direta e indireta do Poder Executivo Municipal, em fun\u00e7\u00e3o dos feriados nacionais, estaduais e municipais dos dias de ponto facultativo no ano 2026.\u00a0<\/span><\/em><\/p>\n<h4><span style=\"color: #003366;\">2025 (At\u00e9 o momento n\u00e3o houve emiss\u00e3o de Decreto em rela\u00e7\u00e3o ao RPPS)<\/span><\/h4>\n<h4><span style=\"color: #003366;\">2024 (N\u00e3o houve emiss\u00e3o de Decreto pelo RPPS)<\/span><\/h4>\n<h6><a href=\"https:\/\/www.ipasemar.pa.gov.br\/wp-content\/uploads\/2023\/06\/Decreto-no-394-2023_compressed1.pdf\"><span style=\"color: #003366;\"><strong>DECRETO N\u00b0 394\/2023<\/strong><\/span><\/a><\/h6>\n<p style=\"padding-left: 40px;\"><em><a href=\"https:\/\/www.ipasemar.pa.gov.br\/wp-content\/uploads\/2023\/06\/Decreto-no-394-2023_compressed1.pdf\"><span style=\"color: #003366;\">Disp\u00f5e sobre as normas e procedimentos a serem adotados para a realiza\u00e7\u00e3o de recadastramento dos servidores p\u00fablicos municipais titulares de cargo efetivo e seus respectivos dependentes filiados ao Instituto de Previd\u00eancia Social dos Servidores P\u00fablicos do Munic\u00edpio de Marab\u00e1.<\/span><\/a><\/em><\/p>\n<h6><a href=\"https:\/\/www.ipasemar.pa.gov.br\/transparencia\/wp-content\/uploads\/sites\/2\/2023\/06\/Decreto-no-383-2023-Regulamenta-Lei-no-14.133-de-2021.pdf\"><strong><span style=\"color: #003366;\">DECRETO N\u00ba 383\/2023<\/span><\/strong><\/a><\/h6>\n<p style=\"padding-left: 40px;\"><a href=\"https:\/\/www.ipasemar.pa.gov.br\/transparencia\/wp-content\/uploads\/sites\/2\/2023\/06\/Decreto-no-383-2023-Regulamenta-Lei-no-14.133-de-2021.pdf\"><em><span class=\"fontstyle0\" style=\"color: #003366;\"> Regulamenta a Lei Municipal n\u00ba18.174, de 28 de dezembro de 2022 e a Lei Federal n\u00ba 14.133, de 1\u00ba de abril de 2021, que disp\u00f5e sobre Licita\u00e7\u00f5es e Contratos Administrativos, no \u00e2mbito do Munic\u00edpio de Marab\u00e1, no Estado do Par\u00e1<\/span><\/em><\/a><\/p>\n<h6><a href=\"https:\/\/drive.google.com\/file\/d\/1o04-rzXJc3Yogp8nQpHKQNQL0NdV8-AI\/view?usp=sharing\"><strong><span style=\"color: #003366;\">DECRETO N\u00ba 266\/2021 GP<\/span><\/strong><\/a><\/h6>\n<p style=\"padding-left: 40px;\"><em><span style=\"color: #003366;\">Fica decretado ponto facultativo nos dias 23\/12\/2021, 24\/12\/2021, 30\/12\/2021 e 31\/12\/2021, com algumas exce\u00e7\u00f5es.<\/span><\/em><\/p>\n<h6><a href=\"https:\/\/drive.google.com\/file\/d\/1pZjgfkmT5n5LNJCffVwwBOsL5J9QGVwt\/view?usp=sharing\"><strong><span style=\"color: #003366;\">DECRETO 103\/2020<\/span><\/strong><\/a><\/h6>\n<p style=\"padding-left: 40px;\"><em><span style=\"color: #003366;\">Disp\u00f5e sobre a transfer\u00eancia da administra\u00e7\u00e3o e custeio dos benef\u00edcios tempor\u00e1rios aos \u00f3rg\u00e3os empregadores.<\/span><\/em><\/p>\n<h6><a href=\"https:\/\/drive.google.com\/file\/d\/16-HAMYKfGR4rGS6ZZyCK-blJxafvZjZA\/view?usp=sharing\"><strong><span style=\"color: #003366;\">DECRETO N\u00ba 60, DE 17 DE JUNHO DE 2020<\/span><\/strong><\/a><\/h6>\n<p style=\"padding-left: 40px;\"><em><span style=\"color: #003366;\">DISP\u00d5E SOBRE AMPLIA\u00c7\u00c3O DE ABERTURA COMERCIAL, MEDIDAS DE ENFRENTAMENTO AO COVID-19, NO \u00c3MBITO DO MUNIC\u00cdPIO DE MARAB\u00c1 E D\u00c1 OUTRAS PROVID\u00caNCIAS.<\/span><\/em><\/p>\n<h6><a href=\"https:\/\/drive.google.com\/file\/d\/1Rf-Wc1f1umeaucs4pbCL5vetSBkK5vM1\/view?usp=sharing\"><strong><span style=\"color: #003366;\">DECRETO N\u00ba 58 DE 10 DE JUNHO DE 2020<\/span><\/strong><\/a><\/h6>\n<p style=\"padding-left: 40px;\"><em><span style=\"color: #003366;\">DISP\u00d5E SOBRE A PRORROGA\u00c7\u00c3O DOS TERMOS DO DECRETO N\u00ba 25 DE 18 DE MAR\u00c7O DE 2020 E DECRETO N\u00ba 52 DE 28 DE MAIO DE 2020.<\/span><\/em><\/p>\n<h6><a href=\"https:\/\/drive.google.com\/file\/d\/1cPyEbqThVkC5HySoQKvnMxqOt-xPn1cJ\/view?usp=sharing\"><strong><span style=\"color: #003366;\">DECRETO N\u00ba 609, 16 DE MAR\u00c7O DE 2020<\/span><\/strong><\/a><\/h6>\n<h6><a href=\"https:\/\/drive.google.com\/file\/d\/1TCaCoSzmfOra83n2x3hoHErA38NWGtN9\/view?usp=sharing\"><strong><span style=\"color: #003366;\">DECRETO N\u00ba 77, DE 14 DE JULHO DE 2020<\/span><\/strong><\/a><\/h6>\n<p style=\"padding-left: 40px;\"><em><span style=\"color: #003366;\">REGULA OS PROCEDIMENTOS NO \u00c2MBITO DA ADMINISTRA\u00c7\u00c3O P\u00daBLICA DIRETA E INDIRETA DO MUNIC\u00cdPIO DE MARAB\u00c1, PARA A RETOMADA GRADUAL DA PRESTA\u00c7\u00c3O DOS SERVI\u00c7OS P\u00daBLICOS DE FORMA PRESENCIAL, OBSERVADAS AS A\u00c7\u00d5ES NECESS\u00c1RIAS PARA A PREVEN\u00c7\u00c3O DE CONT\u00c1GIO PELO CORONAV\u00cdRUS (COVID-19), E D\u00c1 OUTRAS PROVID\u00caNCIAS.<\/span><\/em><\/p>\n<h6><a href=\"https:\/\/drive.google.com\/file\/d\/1LbpcRf_Wtukufh1aMVZj6XbMPpEP3vcd\/view?usp=sharing\"><strong><span style=\"color: #003366;\">DECRETO N\u00ba 74, DE 10 DE JULHO DE 2020<\/span><\/strong><\/a><\/h6>\n<p style=\"padding-left: 40px;\"><em><span style=\"color: #003366;\">PRORROGA\u00c7\u00c3O DOS TERMOS DO DECRETO N\u00ba 25, DE 18 DE MAR\u00c7O DE 2020 E DECRETO N\u00ba 67, DE 30 DE JUNHO DE 2020.<\/span><\/em><\/p>\n<h6><a href=\"https:\/\/drive.google.com\/file\/d\/1If1S2ceXerP12NrOpGaksM1Edgv5Vtud\/view?usp=sharing\"><strong><span style=\"color: #003366;\">DECRETO N\u00ba 67, DE 30 DE JUNHO DE 2020<\/span><\/strong><\/a><\/h6>\n<p style=\"padding-left: 40px;\"><em><span style=\"color: #003366;\">PRORROGA\u00c7\u00c3O DOS TERMOS DO DECRETO N\u00ba 25, DE 18 DE MAR\u00c7O DE 2020 E DECRETO N\u00ba 58, DE 10 DE JUNHO DE 2020<\/span><\/em><\/p>\n<h6><a href=\"https:\/\/drive.google.com\/file\/d\/1KscTYPYaeDDbwlQYW826kLckhSoMifiU\/view?usp=sharing\"><strong><span style=\"color: #003366;\">DECRETO N\u00ba 54\/2017-GP, DE 21 DE SETEMBRO DE 2017 &#8211; REVOGADO<\/span><\/strong><\/a><\/h6>\n<p style=\"padding-left: 40px;\"><em><span style=\"color: #003366;\">Regulamenta a concess\u00e3o de di\u00e1rias aos Servidores P\u00fablicos Municipais, e d\u00e1 outras provid\u00eancias.<\/span><\/em><\/p>\n<h6><a href=\"https:\/\/drive.google.com\/file\/d\/1Z8XinyJUklGBZ1xxkhSxwukC0V9MU7_J\/view?usp=sharing\"><strong><span style=\"color: #003366;\">DECRETO N\u00ba 52, DE 28 DE MAIO DE 2020<\/span><\/strong><\/a><\/h6>\n<p style=\"padding-left: 40px;\"><em><span style=\"color: #003366;\">PRORROGA\u00c7\u00c3O DOS TERMOS DOS DECRETOS N\u00b0 25, DE 18 DE MAR\u00c7O DE 2020 E N\u00ba 47, DE 13 DE MAIO DE 2020<\/span><\/em><\/p>\n<h6><a href=\"https:\/\/drive.google.com\/file\/d\/13shczV7tqINME4ksHYhxa9cr0tEyaRSv\/view?usp=sharing\"><strong><span style=\"color: #003366;\">DECRETO N\u00ba 49, DE 25 DE MAIO DE 2020<\/span><\/strong><\/a><\/h6>\n<p style=\"padding-left: 40px;\"><em><span style=\"color: #003366;\">DISP\u00d5E DOBRE AS MEDIDAS DE ENFRENTAMENTO AO COVID-19, NO \u00c2MBITO DO MUNIC\u00cdPIO DE MARAB\u00c1<\/span><\/em><\/p>\n<h6><a href=\"https:\/\/drive.google.com\/file\/d\/1qk5nOZV003zkgHFpL_4IIxMmYqyWXmKI\/view?usp=sharing\"><strong><span style=\"color: #003366;\">DECRETO N\u00ba 47. DE 13 DE MAIO DE 2020<\/span><\/strong><\/a><\/h6>\n<p style=\"padding-left: 40px;\"><em><span style=\"color: #003366;\">PRORROGA\u00c7\u00c3O DOS TERMOS DOS DECRETOS N\u00ba 25, DE 18 DE MAR\u00c7O DE 2020, COMO MEDIDA DE ENFRENTAMENTO A PANDEMIA.<\/span><\/em><\/p>\n<h6><a href=\"https:\/\/drive.google.com\/file\/d\/10ZEF-mkhAoCu1DMjz7jXxYDv4KUTQtbR\/view?usp=sharing\"><strong><span style=\"color: #003366;\">DECRETO N\u00ba 46\/2017-GP, DE 25 DE AGOSTO DE 2017 &#8211; REVOGADO.<\/span><\/strong><\/a><\/h6>\n<p style=\"padding-left: 40px;\"><em><span style=\"color: #003366;\">Disp\u00f5e sobre altera\u00e7\u00e3o do Art.1\u00ba do Decreto n\u00ba. 030\/2010-GP de 12 de janeiro de 2010, que regulamenta a concess\u00e3o de di\u00e1rias aos Servidores P\u00fablicos Municipais, e d\u00e1 outras provid\u00eancias.<\/span><\/em><\/p>\n<h6><a href=\"https:\/\/drive.google.com\/file\/d\/1NZin-UUvkZ-xGkFujN1yyCBrwtLWjqzY\/view?usp=sharing\"><strong><span style=\"color: #003366;\">DECRETO N\u00ba 43, DE 04 DE MAIO DE 2020<\/span><\/strong><\/a><\/h6>\n<p style=\"padding-left: 40px;\"><em><span style=\"color: #003366;\">DISP\u00d5E SOBRE A ALTERA\u00c7\u00c3O DO DECRETO N\u00ba 25, DE 18 DE MAR\u00c7O DE 2020<\/span><\/em><\/p>\n<h6><a href=\"https:\/\/drive.google.com\/file\/d\/1322eQMDsd365ik0NLFP7o938BsgXhYnB\/view?usp=sharing\"><strong><span style=\"color: #003366;\">DECRETO N\u00ba 42, DE 30 DE ABRIL DE 2020<\/span><\/strong><\/a><\/h6>\n<p style=\"padding-left: 40px;\"><em><span style=\"color: #003366;\">PRORROGA\u00c7\u00c3O DOS TERMOS DOS DECRETOS N\u00ba 25, DE 18 MAR\u00c7O DE 2020 E DECRETO N\u00ba 34, DE 17 DE ABRIL DE 2020<\/span><\/em><\/p>\n<h6><a href=\"https:\/\/drive.google.com\/file\/d\/1ZCOyXJ4zN4-tz_60mDqghZNKfST5Whlp\/view?usp=sharing\"><strong><span style=\"color: #003366;\">DECRETO N\u00ba 25, DE 18 DE MAR\u00c7O DE 2020<\/span><\/strong><\/a><\/h6>\n<p style=\"padding-left: 40px;\"><em><span style=\"color: #003366;\">ESTABELECE MEDIDAS TEMPOR\u00c1RIAS DE ENFRENTAMENTO AO NOVO CORONAV\u00cdRUS (COVID-19)<\/span><\/em><\/p>\n<h6><a href=\"https:\/\/drive.google.com\/file\/d\/1KphtBnfX212PrSbPJGYdpbJ-vX8BA0Ry\/view?usp=sharing\"><strong><span style=\"color: #003366;\">DECRETO N\u00ba 118, DE 23 DE SETEMBRO DE 2020<\/span><\/strong><\/a><\/h6>\n<p style=\"padding-left: 40px;\"><em><span style=\"color: #003366;\">REGULAMENTA OS PROCEDIMENTOS NO \u00c2MBITO ADMINISTRA\u00c7\u00c3O P\u00daBLICA DIRETA E INDIRETA DO MUNIC\u00cdPIO DE MARAB\u00c1, PARA A RETOMADA GRADUAL DA PRESTA\u00c7\u00c3O DOS SERVI\u00c7OS P\u00daBLICOS DE FORMA PRESENCIAL, OBSERVADAS AS<\/span><\/em><br \/>\n<em><span style=\"color: #003366;\">A\u00c7\u00d5ES NECESS\u00c1RIAS PARA A PREVEN\u00c7\u00c3O DE CONT\u00c1GIO PELO CORONAV\u00cdRUS (COVID- 19), E REVOGA OS DECRETOS N\u00bas 77, DE 14 DE JULHO DE 2020 E DECRETO N\u00ba 92, DE 30 DE JULHO DE 2020.<\/span><\/em><\/p>\n<h6><a href=\"https:\/\/drive.google.com\/file\/d\/1x0vb_4Qu8MLYU_9yc3XGKc62isRCgbd_\/view?usp=sharing\"><strong><span style=\"color: #003366;\">DECRETO N\u00ba 030, DE 12 DE JANEIRO DE 2010 &#8211; REVOGADO<\/span><\/strong><\/a><\/h6>\n<p style=\"padding-left: 40px;\"><em><span style=\"color: #003366;\">Regulamenta a concess\u00e3o de di\u00e1rias aos Servidores P\u00fablicos Municipais e d\u00e1 outras provid\u00eancias.<\/span><\/em><\/p>\n<h6><a href=\"https:\/\/drive.google.com\/file\/d\/1xRSQ-3tju--zSOorzYYvo3tVetmnHsSW\/view?usp=sharing\"><strong><span style=\"color: #003366;\">DECRETO N\u00b0 92, DE 30 DE JULHO DE 2020<\/span><\/strong><\/a><\/h6>\n<p style=\"padding-left: 40px;\"><em><span style=\"color: #003366;\">DISP\u00d5E SOBRE AS ALTERA\u00c7\u00d5ES NO DECRETO N\u00ba 77<\/span><\/em><\/p>\n<h6><a href=\"https:\/\/drive.google.com\/file\/d\/1lWwjMF89IfdieEJ8a-Ina3_w3TO871jw\/view?usp=sharing\"><strong><span style=\"color: #003366;\">DECRETO N\u00b0 28, DE 25 DE MAR\u00c7O DE 2020<\/span><\/strong><\/a><\/h6>\n<p style=\"padding-left: 40px;\"><em><span style=\"color: #003366;\">ESTABELECE SERVI\u00c7OS P\u00daBLICOS ESSENCIAIS QUE DEVER\u00c3O FUNCIONAR NAS MEDIDAS TEMPOR\u00c1RIAS DE ENFRENTAMENTO AO NOVO CORONAV\u00cdRUS (COVID-19), E D\u00c1 OUTRAS PROVID\u00caNCIAS.<\/span><\/em><\/p>\n<h6><a href=\"https:\/\/www.ipasemar.pa.gov.br\/transparencia\/wp-content\/uploads\/sites\/2\/2022\/04\/DECRETO-40_000043.pdf\"><strong><span style=\"color: #003366;\">DECRETO N\u00b0 40, DE 03 DE OUTUBRO DE 2018<\/span><\/strong><\/a><\/h6>\n<p style=\"padding-left: 40px;\"><span style=\"color: #003366;\"><em>REGULAMENTA O PROCEDIMENTO ADMINISTRATIVO PARA ANULA\u00c7\u00c3O DE POSSE EM CARGO P\u00daBLICO PELO N\u00c3O ATENDIMENTO DOS REQUISITOS PREVISTOS NO INCISO VI E VII DO ART. 5\u00ba DA LEI MUNICIPAL N\u00ba 17.331, DE 30 DE DEZEMBRO DE 2008<\/em><\/span><\/p>\n<h6><span style=\"color: #333399;\"><a style=\"color: #333399;\" href=\"https:\/\/drive.google.com\/file\/d\/12PEH-X6WImoHu0Hy7GFvZXdw34rxxwZG\/view?usp=sharing\"><strong>DECRETO N\u00ba 62, DE 13 DE NOVEMBRO DE 2017<\/strong><\/a><\/span><\/h6>\n<p style=\"padding-left: 40px;\"><em>Regulamenta a concess\u00e3o de di\u00e1rias aos servidores p\u00fablicos municipais, e d\u00e1 outras provid\u00eancias.<\/em><\/p>\n","protected":false},"excerpt":{"rendered":"<p>2026 DECRETO N\u00ba 559, DE 23 DE DEZEMBRO DE 2025 Considerando os feriados municipais elencados na Lei Municipal n\u00ba 2.376, de 01 de fevereiro de 1983; e Considerando a necessidade de organizar e disciplinar o funcionamento dos \u00f3rg\u00e3os e entidades integrantes da Administra\u00e7\u00e3o direta e indireta do Poder Executivo Municipal, em fun\u00e7\u00e3o dos feriados nacionais, [&hellip;]<\/p>\n","protected":false},"author":3,"featured_media":0,"parent":0,"menu_order":0,"comment_status":"closed","ping_status":"closed","template":"","meta":{"footnotes":""},"class_list":["post-719","page","type-page","status-publish","hentry"],"_links":{"self":[{"href":"https:\/\/www.ipasemar.pa.gov.br\/transparencia\/wp-json\/wp\/v2\/pages\/719","targetHints":{"allow":["GET"]}}],"collection":[{"href":"https:\/\/www.ipasemar.pa.gov.br\/transparencia\/wp-json\/wp\/v2\/pages"}],"about":[{"href":"https:\/\/www.ipasemar.pa.gov.br\/transparencia\/wp-json\/wp\/v2\/types\/page"}],"author":[{"embeddable":true,"href":"https:\/\/www.ipasemar.pa.gov.br\/transparencia\/wp-json\/wp\/v2\/users\/3"}],"replies":[{"embeddable":true,"href":"https:\/\/www.ipasemar.pa.gov.br\/transparencia\/wp-json\/wp\/v2\/comments?post=719"}],"version-history":[{"count":24,"href":"https:\/\/www.ipasemar.pa.gov.br\/transparencia\/wp-json\/wp\/v2\/pages\/719\/revisions"}],"predecessor-version":[{"id":3965,"href":"https:\/\/www.ipasemar.pa.gov.br\/transparencia\/wp-json\/wp\/v2\/pages\/719\/revisions\/3965"}],"wp:attachment":[{"href":"https:\/\/www.ipasemar.pa.gov.br\/transparencia\/wp-json\/wp\/v2\/media?parent=719"}],"curies":[{"name":"wp","href":"https:\/\/api.w.org\/{rel}","templated":true}]}}