{"id":739,"date":"2022-04-20T09:25:43","date_gmt":"2022-04-20T12:25:43","guid":{"rendered":"https:\/\/www.ipasemar.pa.gov.br\/transparencia\/?page_id=739"},"modified":"2026-04-28T08:44:19","modified_gmt":"2026-04-28T11:44:19","slug":"portarias-rpps","status":"publish","type":"page","link":"https:\/\/www.ipasemar.pa.gov.br\/transparencia\/portarias-rpps\/","title":{"rendered":"Portarias rpps"},"content":{"rendered":"<div class=\"wpb-content-wrapper\"><div class=\"vc_row wpb_row vc_row-fluid\"><div class=\"wpb_column vc_column_container vc_col-sm-12\"><div class=\"vc_column-inner\"><div class=\"wpb_wrapper\">\n\t<div class=\"wpb_text_column wpb_content_element wpb_animate_when_almost_visible wpb_top-to-bottom top-to-bottom\" >\n\t\t<div class=\"wpb_wrapper\">\n\t\t\t<h4><span style=\"color: #003366;\">2026<\/span><\/h4>\n<h6 style=\"padding-left: 40px;\"><a href=\"http:\/\/www.ipasemar.pa.gov.br\/transparencia\/wp-content\/uploads\/sites\/2\/2026\/04\/pdf24_merged-45.pdf\"><span style=\"color: #003366;\"><strong>Portaria n\u00ba 052\/2026 &#8211; IPASEMAR<\/strong><\/span><\/a><\/h6>\n<p style=\"padding-left: 80px;\"><em><span style=\"color: #003366;\">Nomear a Sra. Claudia Morgana Santos Silva para exercer o cargo de COORDENADORA DE COMPENSA\u00c7\u00c3O PREVIDENCI\u00c1RIA.<\/span><\/em><\/p>\n<h6 style=\"padding-left: 40px;\"><a href=\"http:\/\/www.ipasemar.pa.gov.br\/transparencia\/wp-content\/uploads\/sites\/2\/2026\/04\/pdf24_merged-47.pdf\"><strong><span style=\"color: #003366;\">Portaria n\u00ba 051\/2026 &#8211; IPASEMAR<\/span><\/strong><\/a><\/h6>\n<p style=\"padding-left: 80px;\"><em><span style=\"color: #003366;\">Nomear o Sr. Wesley dos Santos para exercer o cargo de COORDENADOR DE CONTABILIDADE, PLANEJAMENTO, OR\u00c7AMENTO E ATUARIAL<\/span><\/em><\/p>\n<h6 style=\"padding-left: 40px;\"><a href=\"http:\/\/www.ipasemar.pa.gov.br\/transparencia\/wp-content\/uploads\/sites\/2\/2026\/04\/pdf24_merged-46.pdf\"><strong><span style=\"color: #003366;\">Portaria n\u00ba 050\/2026 &#8211; IPASEMAR<\/span><\/strong><\/a><\/h6>\n<p style=\"padding-left: 80px;\"><span style=\"color: #003366;\"><em>Exonerar Sr. Wesley dos Santos do cargo de COORDENADOR DE COMPENSA\u00c7\u00c3O PREVIDENCI\u00c1RIA<\/em><\/span><\/p>\n<h6 style=\"padding-left: 40px;\"><a href=\"http:\/\/www.ipasemar.pa.gov.br\/transparencia\/wp-content\/uploads\/sites\/2\/2026\/04\/pdf24_merged-21.pdf\"><strong><span style=\"color: #003366;\">Portaria n\u00ba 049\/2026 &#8211; IPASEMAR<\/span><\/strong><\/a><\/h6>\n<p style=\"padding-left: 80px;\"><span style=\"color: #003366;\"><em>Estabelece o programa institucional de capacita\u00e7\u00e3o continuada dos servidores pertencentes ao quadro de pessoal do Instituto de Previd\u00eancia Social dos Servidores P\u00fablicos do Munic\u00edpio de Marab\u00e1 &#8211; IPASEMAR, e d\u00e1 outras provid\u00eancias.<\/em><\/span><\/p>\n<h6 style=\"padding-left: 40px;\"><a href=\"https:\/\/drive.google.com\/file\/d\/1osvfoGuf91uY9siI3OROygr5oq5t2q7y\/view?usp=sharing\"><span style=\"color: #003366;\"><strong>Portaria n\u00ba 004\/2026 &#8211; IPASEMAR<\/strong><\/span><\/a><\/h6>\n<p style=\"padding-left: 80px;\"><em><span class=\"fontstyle0\" style=\"color: #003366;\"> Conceder aos servidores inativos e pensionistas, do Poder Executivo e Legislativo, cujos benef\u00edcios foram concedidos com direito ao reajustamento anual, consoante preceitua artigos 37 e 40 da Lei Municipal n\u00b0 17.756, de 20 de dezembro de 2016, 54, 60, inciso II, 61, inciso II e 69 da Lei Complementar n\u00ba 17, de 4 de janeiro de 2023, o fator de reajuste calculados conforme Anexo I, da Portaria Interministerial MTS\/MF n\u00ba 13, de 09 de janeiro de 2026, observadas as mesmas datas, \u00edndices e crit\u00e9rios nela estabelecidos.\u00a0<\/span><\/em><\/p>\n<h6 style=\"padding-left: 40px;\"><a href=\"https:\/\/drive.google.com\/file\/d\/1EffgHHhJDz2Qu3M3o1d4ndHpvLUMGnXW\/view?usp=sharing\"><span style=\"color: #003366;\"><strong>Portaria n\u00ba 003\/2026 &#8211; IPASEMAR<\/strong><\/span><\/a><\/h6>\n<p style=\"padding-left: 80px;\"><span style=\"color: #003366;\"><em> <span class=\"fontstyle0\">Conceder aos aposentados e pensionistas dos cargos de Agentes Comunit\u00e1rios de Sa\u00fade e dos Agentes de Combate \u00e0s Endemias, nos termos do art. 7\u00b0 da Emenda Constitucional n\u00b0 41\/2003, o reajuste estabelecido na Lei.\u00a0<\/span><\/em><\/span><\/p>\n<p>&nbsp;<\/p>\n<h4><strong><span style=\"color: #003366;\">2025<\/span><\/strong><\/h4>\n<h6 style=\"padding-left: 40px;\"><span style=\"color: #003366;\"><strong><a style=\"color: #003366;\" href=\"https:\/\/drive.google.com\/file\/d\/1QewXEtNlBsws-7nPb9h2slEZgy81D_1c\/view?usp=sharing\"> <span class=\"fontstyle0\">Portaria n\u00ba 173\/2025 \u2013 IPASEMAR<\/span> <\/a><\/strong><\/span><\/h6>\n<p style=\"padding-left: 80px;\"><span style=\"color: #003366;\"><em> <span class=\"fontstyle0\">Concede complemento de reajuste para adequa\u00e7\u00e3o do percentual de revis\u00e3o dos proventos de aposentados e pensionistas com paridade<\/span> <\/em><\/span><\/p>\n<h6 style=\"padding-left: 40px;\"><a href=\"http:\/\/www.ipasemar.pa.gov.br\/transparencia\/wp-content\/uploads\/sites\/2\/2025\/08\/pdf24_merged57.pdf\"><span style=\"color: #003366;\"><strong>Portaria n\u00ba 115\/2025 &#8211; IPASEMAR<\/strong><\/span><\/a><\/h6>\n<p style=\"padding-left: 80px;\"><a href=\"http:\/\/www.ipasemar.pa.gov.br\/transparencia\/wp-content\/uploads\/sites\/2\/2025\/08\/pdf24_merged57.pdf\"><span style=\"color: #003366;\"><em> <span class=\"fontstyle0\">Conceder aos aposentados do Poder Legislativo, nos termos do art. 7\u00b0 da Emenda Constitucional n\u00b0 41\/2003, o reajuste estabelecido na Lei n\u00ba 18.469\/2025<\/span> <\/em><\/span><\/a><\/p>\n<h6 style=\"padding-left: 40px;\"><a href=\"http:\/\/www.ipasemar.pa.gov.br\/transparencia\/wp-content\/uploads\/sites\/2\/2025\/07\/Portaria-086.2025-Flexibilidade-de-Horario.pdf\"><span style=\"color: #003366;\"><strong>Portaria 086\/2025<\/strong><\/span><\/a><\/h6>\n<p style=\"padding-left: 80px;\"><span style=\"color: #003366;\"><em><span class=\"fontstyle0\">Estabelecer os crit\u00e9rios e as condi\u00e7\u00f5es para a ado\u00e7\u00e3o da flexibiliza\u00e7\u00e3o de jornada de trabalho dos servidores do quadro de pessoal do Instituto, no m\u00eas de <\/span><span class=\"fontstyle2\">Julho de 2025<\/span><span class=\"fontstyle0\">;<\/span><\/em><\/span><\/p>\n<p style=\"padding-left: 40px;\"><a href=\"http:\/\/www.ipasemar.pa.gov.br\/transparencia\/wp-content\/uploads\/sites\/2\/2025\/06\/portaria-de-readaptacao-da-auxiliar-de-servicos-gerais.pdf\"><span style=\"color: #003366;\"><strong>Portaria n\u00ba 068\/2025<\/strong><\/span><\/a><\/p>\n<p style=\"padding-left: 80px;\"><a href=\"http:\/\/www.ipasemar.pa.gov.br\/transparencia\/wp-content\/uploads\/sites\/2\/2025\/06\/portaria-de-readaptacao-da-auxiliar-de-servicos-gerais.pdf\"><span style=\"color: #003366;\"><em>Readapta\u00e7\u00e3o da auxiliar de servi\u00e7os gerais.<\/em><\/span><\/a><\/p>\n<h6 style=\"padding-left: 40px;\"><span style=\"color: #003366;\"><a style=\"color: #003366;\" href=\"https:\/\/www.ipasemar.pa.gov.br\/wp-content\/uploads\/2025\/01\/Portaria_Regulamentando_reajuste_beneficios_sem_paridade_29_assinado.pdf\"><strong>Portaria n\u00ba 004\/2025 &#8211; IPASEMAR<\/strong><\/a><\/span><\/h6>\n<p style=\"padding-left: 80px;\"><em><span class=\"fontstyle0\"><a href=\"https:\/\/www.ipasemar.pa.gov.br\/wp-content\/uploads\/2025\/01\/Portaria_Regulamentando_reajuste_beneficios_sem_paridade_29_assinado.pdf\"><span style=\"color: #003366;\"> Conceder aos servidores inativos e pensionistas, do Poder Executivo e Legislativo, cujos benef\u00edcios foram concedidos com direito ao reajustamento anual, consoante preceituam os artigos 37 e 40 da Lei Municipal n\u00b0 17.756, de 20 de dezembro de 2016, 54, 60, inciso II, 61, inciso II e 69 da Lei Complementar n\u00ba 17, de 4 de janeiro de 2023, o fator de reajuste calculados conforme Anexo I, da Portaria Interministerial MTS\/MF n\u00ba 6, de 10 de janeiro de 2025, observadas nas mesmas datas, \u00edndices e crit\u00e9rios nela estabelecidos.<\/span><\/a><\/span><\/em><\/p>\n<h4><strong><span style=\"color: #003366;\">2024<\/span><\/strong><\/h4>\n<h6 style=\"padding-left: 40px;\"><a href=\"http:\/\/www.ipasemar.pa.gov.br\/transparencia\/wp-content\/uploads\/sites\/2\/2024\/09\/FAMEP-NOMEACAO-CONSELHO-FISCAL.pdf\"><strong><span style=\"color: #003366;\">Portaria n\u00ba 3131\/2024 &#8211; GP<\/span><\/strong><\/a><\/h6>\n<p style=\"padding-left: 80px;\"><a href=\"http:\/\/www.ipasemar.pa.gov.br\/transparencia\/wp-content\/uploads\/sites\/2\/2024\/09\/FAMEP-NOMEACAO-CONSELHO-FISCAL.pdf\"><em><span class=\"fontstyle0\" style=\"color: #003366;\"> A necessidade da recomposi\u00e7\u00e3o do Conselho Fiscal<\/span><\/em><\/a><\/p>\n<h6 style=\"padding-left: 40px;\"><a href=\"https:\/\/www.ipasemar.pa.gov.br\/wp-content\/uploads\/2024\/08\/MINUTA_PORTARIA_075-2024-IPASEMAR_assinado-1.pdf\"><span style=\"color: #003366;\"><strong>Portaria n\u00ba 075\/2024<\/strong><\/span><\/a><\/h6>\n<p style=\"padding-left: 80px;\"><a href=\"https:\/\/www.ipasemar.pa.gov.br\/wp-content\/uploads\/2024\/08\/MINUTA_PORTARIA_075-2024-IPASEMAR_assinado-1.pdf\"><span style=\"color: #003366;\"><em> <span class=\"fontstyle0\">Implementa o controle de qualidade e documenta\u00e7\u00e3o, revis\u00e3o e requisitos de auditoria sobre os processos decis\u00f3rios dos investimentos de recursos previdenci\u00e1rios do Instituto de Previd\u00eancia Social dos Servidores P\u00fablicos do Munic\u00edpio de Marab\u00e1 (IPASEMAR).<\/span><\/em><\/span><\/a><\/p>\n<h6 style=\"padding-left: 40px;\"><a href=\"https:\/\/www.ipasemar.pa.gov.br\/wp-content\/uploads\/2024\/06\/portaria_064_2024_flexibilidade_de_horario_assinado-1.pdf\"><span style=\"color: #003366;\"><strong>Portaria n\u00b0 64\/2024<\/strong><\/span><\/a><\/h6>\n<p style=\"padding-left: 80px;\"><span style=\"color: #003366;\"><em> <span class=\"fontstyle0\">Estabelecer os crit\u00e9rios e as condi\u00e7\u00f5es para a ado\u00e7\u00e3o da flexibiliza\u00e7\u00e3o de jornada de trabalho dos servidores lotados no IPASEMAR, no m\u00eas de julho de 2024<\/span><\/em><\/span><\/p>\n<h6 style=\"padding-left: 40px;\"><a href=\"http:\/\/www.ipasemar.pa.gov.br\/transparencia\/wp-content\/uploads\/sites\/2\/2024\/05\/Portaria_Reajuste_5374_-_CMM_assinado.pdf\"><span style=\"color: #003366;\"><strong>Portaria n\u00ba 53\/2024<\/strong><\/span><\/a><\/h6>\n<p style=\"padding-left: 80px;\"><a href=\"http:\/\/www.ipasemar.pa.gov.br\/transparencia\/wp-content\/uploads\/sites\/2\/2024\/05\/Portaria_Reajuste_5374_-_CMM_assinado.pdf\"><em><span class=\"fontstyle0\" style=\"color: #003366;\"> Conceder aos aposentados do Poder Legislativo, nos termos do art. 7\u00ba da Emenda Constitucional n.\u00ba 41\/2003, o reajuste estabelecido na Lei n.\u00ba 18.318\/2024.<\/span><\/em><\/a><\/p>\n<h6 style=\"padding-left: 40px;\"><a href=\"http:\/\/www.ipasemar.pa.gov.br\/transparencia\/wp-content\/uploads\/sites\/2\/2024\/05\/Portaria-Programa-de-Educacao-Previdenciaria-ASSINADA1.pdf\"><span style=\"color: #003366;\"><strong>Portaria n\u00ba 50\/2024<\/strong><\/span><\/a><\/h6>\n<p style=\"padding-left: 80px;\"><a href=\"http:\/\/www.ipasemar.pa.gov.br\/transparencia\/wp-content\/uploads\/sites\/2\/2024\/05\/Portaria-Programa-de-Educacao-Previdenciaria-ASSINADA1.pdf\"><span style=\"color: #003366;\"><em> <span class=\"fontstyle0\">Normatiza o Programa de Educa\u00e7\u00e3o Previdenci\u00e1ria do IPASEMAR \u2013 Instituto de Previd\u00eancia Social dos Servidores P\u00fablicos do Munic\u00edpio de Marab\u00e1.<\/span><\/em><\/span><\/a><\/p>\n<h6 style=\"padding-left: 40px;\"><a href=\"http:\/\/www.ipasemar.pa.gov.br\/transparencia\/wp-content\/uploads\/sites\/2\/2024\/04\/PORTARIA-036-2024_IPASEMAR_compressed.pdf\"><strong><span style=\"color: #003366;\">Portaria n\u00ba 36\/2024<\/span><\/strong><\/a><\/h6>\n<p style=\"padding-left: 80px;\"><a href=\"http:\/\/www.ipasemar.pa.gov.br\/transparencia\/wp-content\/uploads\/sites\/2\/2024\/04\/PORTARIA-036-2024_IPASEMAR_compressed.pdf\"><em><span style=\"color: #003366;\">Conceder aos aposentados e pensionistas nos termos do art\u00ba 7 da Emenda Constitucional n\u00ba 41\/2003, o reajuste estabelecido na lei.<\/span><\/em><\/a><\/p>\n<h6 style=\"padding-left: 40px;\"><span style=\"color: #003366;\"><a style=\"color: #003366;\" href=\"https:\/\/www.ipasemar.pa.gov.br\/wp-content\/uploads\/2024\/03\/Portaria_Regulamentando_aumento_servidores_ACS_e_ACE_assinado.pdf\"><strong>Portaria n\u00ba 021\/2024<\/strong><\/a><\/span><\/h6>\n<p style=\"padding-left: 80px;\"><span style=\"color: #003366;\"><a style=\"color: #003366;\" href=\"https:\/\/www.ipasemar.pa.gov.br\/wp-content\/uploads\/2024\/03\/Portaria_Regulamentando_aumento_servidores_ACS_e_ACE_assinado.pdf\"><em>Conceder aos aposentados dos cargos de Agentes Comunit\u00e1rios de Sa\u00fade e dos<\/em><\/a> <\/span><span style=\"color: #003366;\"><a style=\"color: #003366;\" href=\"https:\/\/www.ipasemar.pa.gov.br\/wp-content\/uploads\/2024\/03\/Portaria_Regulamentando_aumento_servidores_ACS_e_ACE_assinado.pdf\"><em>Agentes de Combate \u00e0s Endemias, nos termos do art. 7\u00b0 da Emenda<\/em><\/a> <\/span><span style=\"color: #003366;\"><a style=\"color: #003366;\" href=\"https:\/\/www.ipasemar.pa.gov.br\/wp-content\/uploads\/2024\/03\/Portaria_Regulamentando_aumento_servidores_ACS_e_ACE_assinado.pdf\"><em>Constitucional n\u00b0 41\/2003, o reajuste estabelecido na Lei.<\/em><\/a><\/span><\/p>\n<h6 style=\"padding-left: 40px;\"><a href=\"http:\/\/www.ipasemar.pa.gov.br\/transparencia\/wp-content\/uploads\/sites\/2\/2024\/02\/3.1.5.-Portaria-gestao-da-seguranca-da-informacao-_Salvo-Automaticamente_.pdf\"><span style=\"color: #003366;\"><strong>Portaria n\u00ba 11\/2024<\/strong><\/span><\/a><\/h6>\n<p style=\"padding-left: 80px;\"><a href=\"http:\/\/www.ipasemar.pa.gov.br\/transparencia\/wp-content\/uploads\/sites\/2\/2024\/02\/3.1.5.-Portaria-gestao-da-seguranca-da-informacao-_Salvo-Automaticamente_.pdf\"><span style=\"color: #003366;\"><em> <span class=\"fontstyle0\">Disp\u00f5e sobre os procedimentos a serem adotados a fim de garantir seguran\u00e7a das informa\u00e7\u00f5es e reduzir os riscos de falhas, preju\u00edzos que possam comprometer os objetivos do IPASEMAR<\/span><\/em><\/span><\/a><\/p>\n<h6 style=\"padding-left: 40px;\"><a href=\"http:\/\/www.ipasemar.pa.gov.br\/transparencia\/wp-content\/uploads\/sites\/2\/2024\/04\/PORTARIA-02-2024-IPASEMAR_compressed.pdf\"><span style=\"color: #003366;\"><strong>Portaria n \u00ba 02\/2024<\/strong><\/span><\/a><\/h6>\n<p style=\"padding-left: 80px;\"><span style=\"color: #003366;\"><em><a style=\"color: #003366;\" href=\"http:\/\/www.ipasemar.pa.gov.br\/transparencia\/wp-content\/uploads\/sites\/2\/2024\/04\/PORTARIA-02-2024-IPASEMAR_compressed.pdf\">Conceder o reajuste dos servidores aposentados e pensionistas, sem paridade, o que determina e estabelece o art. 1\u00ba e o 2\u00ba da EC n\u00ba 41\/2003, todos os servidores aposentados e pensionistas sem paridade \u00e9 assegurado reajuste anual de seu benef\u00edcio.<\/a><\/em><\/span><\/p>\n<h4><span style=\"color: #003366;\"><strong>2023<\/strong><\/span><\/h4>\n<h6 style=\"padding-left: 40px;\"><a href=\"https:\/\/drive.google.com\/file\/d\/1ED3tgkWYVJuhAx1X_uJS6sTjrGoDuXIN\/view?usp=sharing\"><span style=\"color: #003366;\"><strong>Portaria n\u00ba 155\/2023<\/strong><\/span><\/a><\/h6>\n<p style=\"padding-left: 80px;\"><a href=\"https:\/\/drive.google.com\/file\/d\/1ED3tgkWYVJuhAx1X_uJS6sTjrGoDuXIN\/view?usp=sharing\"><span style=\"color: #003366;\"><em>Disp\u00f5e sobre procedimentos referentes \u00e0 revis\u00e3o das condi\u00e7\u00f5es que geraram a Aposentadoria por incapacidade concedida pelo IPASEMAR<\/em><\/span><\/a><\/p>\n<h6 style=\"padding-left: 40px;\"><a href=\"https:\/\/www.ipasemar.pa.gov.br\/wp-content\/uploads\/2023\/07\/aT.pdf\"><span style=\"color: #003366;\"><strong>Portaria n\u00ba 102\/2023<\/strong><\/span><\/a><\/h6>\n<p style=\"padding-left: 80px;\"><a href=\"https:\/\/www.ipasemar.pa.gov.br\/wp-content\/uploads\/2023\/07\/aT.pdf\"><span style=\"color: #003366;\"><em>Comiss\u00e3o tempor\u00e1ria para acompanhamento e fiscaliza\u00e7\u00e3o do processo n\u00ba 29.488\/2022-PMM<\/em><\/span><\/a><\/p>\n<h6 style=\"padding-left: 40px;\"><a href=\"https:\/\/www.ipasemar.pa.gov.br\/wp-content\/uploads\/2023\/06\/portaria-099-2023.pdf\"><span style=\"color: #003366;\"><strong>Portaria n\u00ba 099\/2023<\/strong><\/span><\/a><\/h6>\n<p style=\"padding-left: 80px;\"><a href=\"https:\/\/www.ipasemar.pa.gov.br\/wp-content\/uploads\/2023\/06\/portaria-099-2023.pdf\"><em><span style=\"color: #003366;\">Estabelece os crit\u00e9rios e as condi\u00e7\u00f5es para a ado\u00e7\u00e3o da flexibiliza\u00e7\u00e3o de jornada de trabalho dos servidores lotados no IPASEMAR, no m\u00eas de julho de 2023<\/span><\/em><\/a><\/p>\n<h6 style=\"padding-left: 40px;\"><span style=\"color: #003366;\"><a style=\"color: #003366;\" href=\"https:\/\/www.ipasemar.pa.gov.br\/transparencia\/wp-content\/uploads\/sites\/2\/2023\/05\/Portaria-Regulamentando-aumento-servidores-ACS-e-ACE-2023.pdf\"><strong>Portaria n\u00ba 083\/2023<\/strong><\/a><\/span><\/h6>\n<p style=\"padding-left: 80px;\"><a href=\"https:\/\/www.ipasemar.pa.gov.br\/transparencia\/wp-content\/uploads\/sites\/2\/2023\/05\/Portaria-Regulamentando-aumento-servidores-ACS-e-ACE-2023.pdf\"><span style=\"color: #003366;\"><em>Conceder aos aposentados dos cargos de Agentes Comunit\u00e1rios de Sa\u00fade e dos Agentes de Combate \u00e0s Endemias, nos termos do art. 7\u00ba da Emenda Constitucional n\u00ba 41\/2003, o reajuste estabelecido na Lei.<\/em><\/span><\/a><\/p>\n<h6 style=\"padding-left: 40px;\"><span style=\"color: #003366;\"><a style=\"color: #003366;\" href=\"https:\/\/www.ipasemar.pa.gov.br\/transparencia\/wp-content\/uploads\/sites\/2\/2023\/05\/PORTARIA-E-Publicacao.pdf\"><strong>Portaria n\u00ba 064\/2023<\/strong><\/a><\/span><\/h6>\n<p style=\"padding-left: 80px;\"><em><span style=\"color: #003366;\"><a style=\"color: #003366;\" href=\"https:\/\/www.ipasemar.pa.gov.br\/transparencia\/wp-content\/uploads\/sites\/2\/2023\/05\/PORTARIA-E-Publicacao.pdf\">Conceder aos aposentados do Poder Legislativo, nos termos do art. 7\u00ba da Emenda Constitucional n\u00ba 41\/2003, o reajuste<\/a> estabelecido na lei<\/span><\/em><\/p>\n<h6 style=\"padding-left: 40px;\"><a href=\"http:\/\/www.ipasemar.pa.gov.br\/transparencia\/wp-content\/uploads\/sites\/2\/2024\/02\/PORTARIA-REGULAMENTANDO.pdf\"><strong><span style=\"color: #003366;\">Portaria n\u00ba 014\/2023<\/span><\/strong><\/a><\/h6>\n<p style=\"padding-left: 80px;\"><a href=\"http:\/\/www.ipasemar.pa.gov.br\/transparencia\/wp-content\/uploads\/sites\/2\/2024\/02\/PORTARIA-REGULAMENTANDO.pdf\"><span style=\"color: #003366;\">Conceder aos aposentados e pensionistas, nos termos do art. 7\u00ba da Emenda Constitucional n\u00ba 41\/2003 o reajuste de 10% (dez por cento), conforme estabelecido na Lei 18.135\/2022;<\/span><\/a><\/p>\n<h6 style=\"padding-left: 40px;\"><strong><a href=\"https:\/\/www.ipasemar.pa.gov.br\/transparencia\/wp-content\/uploads\/sites\/2\/2023\/01\/publicacao-portaria-regulamenta-calendario-de-pagamento.pdf\"><span style=\"color: #003366;\">Portaria n\u00ba 013\/2023<\/span><\/a><\/strong><\/h6>\n<p style=\"padding-left: 80px;\"><a href=\"https:\/\/www.ipasemar.pa.gov.br\/transparencia\/wp-content\/uploads\/sites\/2\/2023\/01\/publicacao-portaria-regulamenta-calendario-de-pagamento.pdf\"><em><span style=\"color: #003366;\">Disp\u00f5e sobre a data de pagamento dos benef\u00edcios previdenci\u00e1rios do\u00a0 Instituto de Previd\u00eancia Social dos Servidores P\u00fablicos do Munic\u00edpio de Marab\u00e1 &#8211; IPASEMAR<\/span><\/em><\/a><\/p>\n<h6 style=\"padding-left: 40px;\"><a href=\"http:\/\/www.ipasemar.pa.gov.br\/transparencia\/wp-content\/uploads\/sites\/2\/2024\/02\/Portaria-Regulamentando-SM-2023-compactado.pdf\"><strong><span style=\"color: #003366;\">Portaria n\u00ba 012\/2023<\/span><\/strong><\/a><\/h6>\n<p style=\"padding-left: 80px;\"><a href=\"http:\/\/www.ipasemar.pa.gov.br\/transparencia\/wp-content\/uploads\/sites\/2\/2024\/02\/Portaria-Regulamentando-SM-2023-compactado.pdf\"><em> <span class=\"fontstyle0\"><span style=\"color: #003366;\">Conceder aos servidores inativos e pensionistas, do Poder Executivo e Legislativo, cujos benef\u00edcios foram concedidos nos termos dos arts. 37 e 40 da Lei Municipal n\u00b0 17.756\/16, o fator de reajuste calculados conforme Anexo I, da Portaria Ministerial<\/span> acima mencionada<\/span><\/em><\/a><\/p>\n<h4><\/h4>\n<h4><span style=\"color: #003366;\"><strong>2022<\/strong><\/span><\/h4>\n<h6 style=\"padding-left: 40px;\"><span style=\"color: #003366;\"><a style=\"color: #003366;\" href=\"https:\/\/www.ipasemar.pa.gov.br\/wp-content\/uploads\/2023\/07\/Portaria-211-2022-Processo-Administrativo-Digital.pdf\"><strong>Portaria n\u00ba 0211\/2022<\/strong><\/a><\/span><\/h6>\n<p style=\"padding-left: 80px;\"><a href=\"https:\/\/www.ipasemar.pa.gov.br\/wp-content\/uploads\/2023\/07\/Portaria-211-2022-Processo-Administrativo-Digital.pdf\"><span style=\"color: #003366;\"><em>Instituir o Processo Administrativo Digital no \u00e2mbito do IPASEMAR<\/em><\/span><\/a><\/p>\n<h6 style=\"padding-left: 40px;\"><a href=\"https:\/\/drive.google.com\/file\/d\/160IlWvq463mxEYdDYWmF5TigPQlQHcMI\/view?usp=share_link\"><span style=\"color: #003366;\"><strong>Portaria n\u00ba 168\/2022<\/strong><\/span><\/a><\/h6>\n<p style=\"padding-left: 80px;\"><a href=\"https:\/\/drive.google.com\/file\/d\/160IlWvq463mxEYdDYWmF5TigPQlQHcMI\/view?usp=share_link\"><em><span style=\"color: #003366;\">Regulamenta o credenciamento\/atualiza\u00e7\u00e3o das institui\u00e7\u00f5es com registro e autoriza\u00e7\u00e3o para funcionamento expedido pelo Banco Central do Brasil<\/span><\/em><\/a><\/p>\n<h6 style=\"text-align: left; padding-left: 40px;\"><span style=\"color: #333399;\"><a style=\"color: #333399;\" href=\"https:\/\/www.ipasemar.pa.gov.br\/transparencia\/wp-content\/uploads\/sites\/2\/2022\/07\/portaria-099-2022-ipasemar_001215.pdf\"><strong>Portaria n\u00ba 099\/2022-Ipasemar<\/strong><\/a><\/span><\/h6>\n<p style=\"padding-left: 80px;\"><span style=\"color: #003366;\"><em>Estabelece os crit\u00e9rios e as condi\u00e7\u00f5es para ado\u00e7\u00e3o da flexibiliza\u00e7\u00e3o de jornada de trabalho dos servidores lotados no Ipasemar, no m\u00eas de julho de 2022<\/em><\/span><\/p>\n<h6 style=\"padding-left: 40px;\"><a href=\"https:\/\/www.ipasemar.pa.gov.br\/transparencia\/wp-content\/uploads\/sites\/2\/2022\/05\/portaria-de-aumento-010-2022_001146.pdf\"><span style=\"color: #003366;\"><strong>Portaria n\u00ba 010\/2022<\/strong><\/span><\/a><\/h6>\n<p style=\"padding-left: 80px;\"><em><span style=\"color: #003366;\">Estendeu o direito ao c\u00e1lculo dos proventos integrais pela \u00faltima remunera\u00e7\u00e3o e o reajuste pelo crit\u00e9rio da paridade previstos no art. 7\u00ba da EC n\u00ba 41\/2003 aos aposentados pelo art. 6\u00ba da EC n 41\/2003.<br \/>\n<\/span><\/em><\/p>\n<h6 style=\"padding-left: 40px;\"><a href=\"https:\/\/www.ipasemar.pa.gov.br\/transparencia\/wp-content\/uploads\/sites\/2\/2022\/05\/portaria-012-2022-IPASEMAR_001185.pdf\"><span style=\"color: #003366;\"><strong>Portaria n\u00ba 012\/2022<\/strong><\/span><\/a><\/h6>\n<p style=\"padding-left: 80px;\"><em><span style=\"color: #003366;\">Reajuste dos benef\u00edcios concedidos aos servidores aposentados e pensionistas sem paridade junto ao IPASEMAR.<\/span><\/em><\/p>\n<h6 style=\"padding-left: 40px;\"><a href=\"https:\/\/www.ipasemar.pa.gov.br\/transparencia\/wp-content\/uploads\/sites\/2\/2022\/05\/portaria-013-2022-IPASEMAR_001184.pdf\"><span style=\"color: #003366;\"><strong>Portaria n\u00ba 013\/2022<\/strong><\/span><\/a><\/h6>\n<p style=\"padding-left: 80px;\"><em><span style=\"color: #003366;\">O aumento da classe de professores teve efeitos retroativos no percentual de 12,84% a contar de Janeiro de 2020<\/span><\/em><\/p>\n<h6 style=\"padding-left: 40px;\"><a href=\"https:\/\/drive.google.com\/file\/d\/1-sEd84V5nH_ZpmrrFb2VZOnE5pZ-pTM1\/view?usp=sharing\"><span style=\"color: #003366;\"><strong>Portaria n\u00ba 080\/2022<\/strong><\/span><\/a><\/h6>\n<p style=\"padding-left: 80px;\"><em><span style=\"color: #003366;\">Servidores aposentados com fundamenta\u00e7\u00e3o no artigo 6\u00ba da EC n\u00ba 41\/03 devem ter os proventos revistos na mesma propor\u00e7\u00e3o e na mesma data, sempre que modificar a remunera\u00e7\u00e3o dos servidores em atividade.<\/span> <\/em><\/p>\n<h6 style=\"padding-left: 40px;\"><a href=\"https:\/\/drive.google.com\/file\/d\/1CN6i5BgPs4MFFjflTh-ZazvGDzVh94NM\/view?usp=sharing\"><span style=\"color: #003366;\"><strong>Portaria n\u00ba 081\/2022<\/strong><\/span><\/a><\/h6>\n<p style=\"padding-left: 80px;\"><em><span style=\"color: #003366;\">Conceder aos aposentados e pensionistas, nos termos do art. 7\u00ba da EC n\u00ba 41\/2003, o reajuste estabelecido na Lei.<\/span><\/em><\/p>\n<h4><\/h4>\n<h4 style=\"text-align: left;\"><span style=\"color: #003366;\"><strong>2021<\/strong><\/span><\/h4>\n<h6 style=\"padding-left: 40px;\"><a href=\"https:\/\/www.ipasemar.pa.gov.br\/transparencia\/wp-content\/uploads\/sites\/2\/2022\/05\/PORTARIA-010-2021_001072.pdf\"><span style=\"color: #003366;\"><strong>Portaria n\u00ba 010\/2021<\/strong><\/span><\/a><\/h6>\n<p style=\"padding-left: 80px;\"><em><span style=\"color: #003366;\">Servidores aposentados e pensionistas sem paridade \u00e9 assegurado reajuste anual de seu benef\u00edcio<\/span><\/em><\/p>\n<h6 style=\"padding-left: 40px;\"><a href=\"https:\/\/www.ipasemar.pa.gov.br\/transparencia\/wp-content\/uploads\/sites\/2\/2022\/05\/portaria-151-2021_001046.pdf\"><span style=\"color: #003366;\"><strong>Portaria 151\/2021<\/strong><\/span><\/a><\/h6>\n<p style=\"padding-left: 80px;\"><em><span style=\"color: #003366;\">Conceder aos aposentados do Poder Legislativo o reajuste estabelecido na resolu\u00e7\u00e3o<\/span><\/em><\/p>\n<h6 style=\"padding-left: 40px;\"><span style=\"color: #003366;\"><a style=\"color: #003366;\" href=\"https:\/\/www.ipasemar.pa.gov.br\/transparencia\/wp-content\/uploads\/sites\/2\/2022\/05\/portaria-225-2021-ipasemar_001119.pdf\"><strong>Portaria 225\/2021<\/strong><\/a><\/span><\/h6>\n<p style=\"padding-left: 80px;\"><em><span style=\"color: #003366;\">Reajuste de 7,58% aos servidores professores inativos segurados do IPASEMAR<\/span><\/em><\/p>\n<h6 style=\"padding-left: 40px;\"><span style=\"color: #003366;\"><a style=\"color: #003366;\" href=\"https:\/\/drive.google.com\/file\/d\/1t1Zz6hUWPxEbXUe5pm25HJwWI4uVJvc6\/view?usp=sharing\"><strong>Portaria N\u00b0 164\/2021-PRES\/IPASEMAR<\/strong><\/a><\/span><\/h6>\n<p style=\"padding-left: 80px;\"><span style=\"color: #003366;\"><em>Disp\u00f5e sobre os procedimentos referentes a Revis\u00e3o das condi\u00e7\u00f5es que geraram as Aposentadorias por Invalidez concedidas por este Instituto de Previd\u00eancia Social.<\/em><\/span><\/p>\n<h6 style=\"padding-left: 40px;\"><span style=\"color: #003366;\"><a style=\"color: #003366;\" href=\"https:\/\/drive.google.com\/file\/d\/1LyCC0m5YLSAfU5FZnJFQ7g1cpud54uNQ\/view?usp=sharing\"><strong>Portaria n\u00ba 148\/2021 &#8211; IPASEMAR<\/strong><\/a><\/span><\/h6>\n<p style=\"padding-left: 80px;\"><span style=\"color: #003366;\"><em>Disp\u00f5e sobre o reajuste de 5,26% aos professores inativos segurados do Instituto.<\/em><\/span><\/p>\n<h6 style=\"padding-left: 40px;\"><span style=\"color: #003366;\"><a style=\"color: #003366;\" href=\"https:\/\/drive.google.com\/file\/d\/1cGdxjALh4D_ePztAwBRqaTldHB04QEnZ\/view?usp=sharing\"><strong>Portaria n\u00ba 003\/2021 de 08 de Janeiro de 2021<\/strong><\/a><\/span><\/h6>\n<p style=\"padding-left: 80px;\"><em><span style=\"color: #003366;\">Disp\u00f5e sobre a nomea\u00e7\u00e3o dos membros do Comit\u00ea de Investimentos<\/span><\/em><\/p>\n<p>&nbsp;<\/p>\n<h4 style=\"text-align: left;\"><span style=\"color: #003366;\"><strong>2020<\/strong><\/span><\/h4>\n<h6 style=\"padding-left: 40px;\"><a href=\"https:\/\/www.ipasemar.pa.gov.br\/transparencia\/wp-content\/uploads\/sites\/2\/2022\/05\/portaria-006-2020-IPASEMAR_001186.pdf\"><span style=\"color: #003366;\"><strong>Portaria n\u00ba 006\/2020<\/strong><\/span><\/a><\/h6>\n<p style=\"padding-left: 80px;\"><em><span style=\"color: #003366;\">Portaria que estendeu a todos os servidores aposentados na forma do art. 6\u00ba da EC n\u00b0 41\/2003 a paridade e a integralidade na forma assegurada no art. 7\u00ba da EC n] 41\/2003<\/span><\/em><\/p>\n<h6 style=\"padding-left: 40px;\"><span style=\"color: #003366;\"><a style=\"color: #003366;\" href=\"https:\/\/drive.google.com\/file\/d\/10vKnGMGo6R8b6hoEJuSDIGQ67G7_yynX\/view?usp=sharing\"><strong>Portaria 693\/2020<\/strong><\/a><\/span><\/h6>\n<p style=\"padding-left: 80px;\"><span style=\"color: #003366;\"><em>Prorroga\u00e7\u00e3o da portaria do Covid-19<\/em><\/span><\/p>\n<h6 style=\"padding-left: 40px;\"><span style=\"color: #003366;\"><a style=\"color: #003366;\" href=\"https:\/\/drive.google.com\/file\/d\/1ZEKj1ymit6Md_LnQ06DOoGdgldCYdsaU\/view?usp=sharing\"><strong>PORTARIA N\u00ba 692\/2020 \u2013 PRES\/IPASEMAR<\/strong><\/a><\/span><\/h6>\n<p style=\"padding-left: 80px;\"><span style=\"color: #003366;\"><em>Disp\u00f5e sobre os procedimentos referentes \u00e0 Atualiza\u00e7\u00e3o dos dados cadastrais dos Aposentados e Pensionistas do Instituto de Previd\u00eancia Social dos Servidores P\u00fablicos do Munic\u00edpio de Marab\u00e1 &#8211; IPASEMAR.<\/em><\/span><\/p>\n<h6 style=\"padding-left: 40px;\"><span style=\"color: #003366;\"><a style=\"color: #003366;\" href=\"https:\/\/drive.google.com\/file\/d\/104WVuKAtNk2VnGStK_iZiRJ1jC7Eu5Px\/view?usp=sharing\"><strong>PORTARIA N\u00ba 0538\/2020 &#8211; GP, 03 DE JUNHO DE 2020<\/strong><\/a><\/span><\/h6>\n<p style=\"padding-left: 80px;\"><span style=\"color: #003366;\"><em>Nomea\u00e7\u00e3o dos novos Conselheiros do Bi\u00eanio 2020 \u00e0 2022<\/em><\/span><\/p>\n<h6 style=\"padding-left: 40px;\"><span style=\"color: #003366;\"><a style=\"color: #003366;\" href=\"https:\/\/drive.google.com\/file\/d\/1KBVn8SKh6OOiHjnB_BUIP3CJaATnO_92\/view?usp=sharing\"><strong>PORTARIA N\u00ba 384\/2020, 04 DE MAIO DE 2020.<\/strong><\/a><\/span><\/h6>\n<p style=\"padding-left: 80px;\"><span style=\"color: #003366;\"><em>Medidas tempor\u00e1rias de enfrentamento ao Coronav\u00edrus (COVID-19)<\/em><\/span><\/p>\n<h6 style=\"padding-left: 40px;\"><span style=\"color: #003366;\"><a style=\"color: #003366;\" href=\"https:\/\/drive.google.com\/file\/d\/13H-rsTkhAJ5RcqT_NwH2mu6NzQt1cFn_\/view?usp=sharing\"><strong>PORTARIA N\u00ba 0611\/2020, DE 31 DE JULHO DE 2020<\/strong><\/a><\/span><\/h6>\n<p style=\"padding-left: 80px;\"><span style=\"color: #003366;\"><em>Disp\u00f5e sobre a regulamenta\u00e7\u00e3o dos procedimentos no \u00e2mbito do Instituto de Previd\u00eancia Municipal dos Servidores P\u00fablicos Do Munic\u00edpio De Marab\u00e1- IPASEMAR, para a retomada gradual da presta\u00e7\u00e3o de servi\u00e7os, observando as a\u00e7\u00f5es necess\u00e1rias para a preven\u00e7\u00e3o de cont\u00e1gio pelo Coronav\u00edrus (COVID-19);<\/em><\/span><\/p>\n<p>&nbsp;<\/p>\n<h4 style=\"text-align: left;\"><span style=\"color: #003366;\"><strong>2019<\/strong><\/span><\/h4>\n<h6 style=\"padding-left: 40px;\"><span style=\"color: #003366;\"><a style=\"color: #003366;\" href=\"https:\/\/drive.google.com\/file\/d\/1NKLK-aHWWMlun9LCDqDnDqQ5b1vWKo0j\/view?usp=sharing\"><strong>PORTARIA N\u00ba 1203\/2019 &#8211; GP DE 24 DE ABRIL DE 2019<\/strong><\/a><\/span><\/h6>\n<p style=\"padding-left: 80px;\"><span style=\"color: #003366;\"><em>NOMEA\u00c7\u00c3O DOS MEMBROS DO CONSELHO FISCAL<\/em><\/span><\/p>\n<h6 style=\"padding-left: 40px;\"><span style=\"color: #003366;\"><a style=\"color: #003366;\" href=\"https:\/\/drive.google.com\/file\/d\/1YdsNLa7n7nxVBkM2OcweonhYNNIpgHSI\/view?usp=sharing\"><strong>PORTARIA 976\/2019, DE 25 DE SETEMBRO DE 2019<\/strong><\/a><\/span><\/h6>\n<p style=\"padding-left: 80px;\"><span style=\"color: #003366;\"><em>Portaria de credenciamento das Institui\u00e7\u00f5es com registros ou autoriza\u00e7\u00e3o para funcionamento expedido pelo Banco Central &#8211; BACEN<\/em><\/span><\/p>\n<p>&nbsp;<\/p>\n<h4 style=\"text-align: left;\"><span style=\"color: #003366;\"><strong>2018<\/strong><\/span><\/h4>\n<h6 style=\"padding-left: 40px;\"><span style=\"color: #003366;\"><strong>PORTARIA N\u00ba 981\/2018 &#8211; GP DE 25 DE MAIO DE 2018<\/strong><\/span><\/h6>\n<p style=\"padding-left: 80px;\"><span style=\"color: #003366;\"><em>Nomea\u00e7\u00e3o dos membros do Conselho de Administra\u00e7\u00e3o<\/em><\/span><\/p>\n\n\t\t<\/div>\n\t<\/div>\n<\/div><\/div><\/div><\/div>\n<\/div>","protected":false},"excerpt":{"rendered":"2026 Portaria n\u00ba 052\/2026 - IPASEMAR Nomear a Sra. Claudia Morgana Santos Silva para exercer o cargo de COORDENADORA DE COMPENSA\u00c7\u00c3O PREVIDENCI\u00c1RIA. Portaria n\u00ba 051\/2026 - IPASEMAR Nomear o Sr. Wesley dos Santos para exercer o cargo de COORDENADOR DE CONTABILIDADE, PLANEJAMENTO, OR\u00c7AMENTO E ATUARIAL Portaria n\u00ba 050\/2026 - IPASEMAR Exonerar Sr. Wesley dos Santos [...]","protected":false},"author":3,"featured_media":0,"parent":0,"menu_order":0,"comment_status":"closed","ping_status":"closed","template":"","meta":{"footnotes":""},"class_list":["post-739","page","type-page","status-publish","hentry"],"_links":{"self":[{"href":"https:\/\/www.ipasemar.pa.gov.br\/transparencia\/wp-json\/wp\/v2\/pages\/739","targetHints":{"allow":["GET"]}}],"collection":[{"href":"https:\/\/www.ipasemar.pa.gov.br\/transparencia\/wp-json\/wp\/v2\/pages"}],"about":[{"href":"https:\/\/www.ipasemar.pa.gov.br\/transparencia\/wp-json\/wp\/v2\/types\/page"}],"author":[{"embeddable":true,"href":"https:\/\/www.ipasemar.pa.gov.br\/transparencia\/wp-json\/wp\/v2\/users\/3"}],"replies":[{"embeddable":true,"href":"https:\/\/www.ipasemar.pa.gov.br\/transparencia\/wp-json\/wp\/v2\/comments?post=739"}],"version-history":[{"count":115,"href":"https:\/\/www.ipasemar.pa.gov.br\/transparencia\/wp-json\/wp\/v2\/pages\/739\/revisions"}],"predecessor-version":[{"id":4199,"href":"https:\/\/www.ipasemar.pa.gov.br\/transparencia\/wp-json\/wp\/v2\/pages\/739\/revisions\/4199"}],"wp:attachment":[{"href":"https:\/\/www.ipasemar.pa.gov.br\/transparencia\/wp-json\/wp\/v2\/media?parent=739"}],"curies":[{"name":"wp","href":"https:\/\/api.w.org\/{rel}","templated":true}]}}